{"id":1137,"date":"2025-10-30T15:55:26","date_gmt":"2025-10-30T20:55:26","guid":{"rendered":"http:\/\/www.diocesisdeazogues.org\/catedralFM\/?page_id=1137"},"modified":"2025-10-30T16:04:04","modified_gmt":"2025-10-30T21:04:04","slug":"codigo-de-etica-de-radio-catedral-clon","status":"publish","type":"page","link":"http:\/\/www.diocesisdeazogues.org\/catedralFM\/codigo-de-etica-de-radio-catedral-clon\/","title":{"rendered":"Pol\u00edtica de Privacidad"},"content":{"rendered":"\t\t<div data-elementor-type=\"wp-page\" data-elementor-id=\"1137\" class=\"elementor elementor-1137\">\n\t\t\t\t\t\t<section class=\"elementor-section elementor-top-section elementor-element elementor-element-3f79e94 elementor-section-boxed elementor-section-height-default elementor-section-height-default\" data-id=\"3f79e94\" data-element_type=\"section\">\n\t\t\t\t\t\t<div class=\"elementor-container elementor-column-gap-default\">\n\t\t\t\t\t<div class=\"elementor-column elementor-col-100 elementor-top-column elementor-element elementor-element-ae82d96\" data-id=\"ae82d96\" data-element_type=\"column\">\n\t\t\t<div class=\"elementor-widget-wrap elementor-element-populated\">\n\t\t\t\t\t\t<div class=\"elementor-element elementor-element-b497a6e elementor-widget elementor-widget-html\" data-id=\"b497a6e\" data-element_type=\"widget\" data-widget_type=\"html.default\">\n\t\t\t\t<div class=\"elementor-widget-container\">\n\t\t\t<p><!-- wp:social-links {\"layout\":{\"type\":\"flex\",\"justifyContent\":\"right\"}} --><\/p>\n<ul class=\"wp-block-social-links\">\n<li style=\"list-style-type: none;\">\n<ul class=\"wp-block-social-links\"><!-- wp:social-link {\"url\":\"https:\/\/www.facebook.com\/RadioCatedralAzogues\",\"service\":\"facebook\"} \/--><\/ul>\n<\/li>\n<\/ul>\n<p><!-- wp:social-link {\"url\":\"https:\/\/www.instagram.com\/radiocatedralaz\/\",\"service\":\"instagram\"} \/--><\/p>\n<p><!-- wp:social-link {\"url\":\"https:\/\/www.youtube.com\/channel\/UCjV5fJB3X2ykJRRzLwGBTVw\",\"service\":\"youtube\"} \/--><\/p>\n<p><!-- wp:social-link {\"service\":\"tiktok\"} \/--><\/p>\n<p><!-- \/wp:social-links --><\/p>\n<p><!-- wp:image {\"id\":19,\"sizeSlug\":\"full\",\"linkDestination\":\"none\"} --><\/p>\n<figure><iframe style=\"width: 100%; height: 100px;\" src=\"https:\/\/tunein.com\/embed\/player\/s223481\/\" frameborder=\"no\" scrolling=\"no\"><\/iframe><\/figure>\n\n<p><!-- \/wp:image --><\/p>\n<p><!-- wp:column {\"width\":\"100%\"} --><\/p>\n\t\t<\/div>\n\t\t\t\t<\/div>\n\t\t\t\t\t<\/div>\n\t\t<\/div>\n\t\t\t\t\t<\/div>\n\t\t<\/section>\n\t\t\t\t<section class=\"elementor-section elementor-top-section elementor-element elementor-element-d0b620a elementor-section-boxed elementor-section-height-default elementor-section-height-default\" data-id=\"d0b620a\" data-element_type=\"section\">\n\t\t\t\t\t\t<div class=\"elementor-container elementor-column-gap-default\">\n\t\t\t\t\t<div class=\"elementor-column elementor-col-100 elementor-top-column elementor-element elementor-element-ed80fff\" data-id=\"ed80fff\" data-element_type=\"column\">\n\t\t\t<div class=\"elementor-widget-wrap elementor-element-populated\">\n\t\t\t\t\t\t<div class=\"elementor-element elementor-element-e845f69 elementor-widget elementor-widget-text-editor\" data-id=\"e845f69\" data-element_type=\"widget\" data-widget_type=\"text-editor.default\">\n\t\t\t\t<div class=\"elementor-widget-container\">\n\t\t\t<style>\/*! elementor - v3.21.0 - 18-04-2024 *\/\n.elementor-widget-text-editor.elementor-drop-cap-view-stacked .elementor-drop-cap{background-color:#69727d;color:#fff}.elementor-widget-text-editor.elementor-drop-cap-view-framed .elementor-drop-cap{color:#69727d;border:3px solid;background-color:transparent}.elementor-widget-text-editor:not(.elementor-drop-cap-view-default) .elementor-drop-cap{margin-top:8px}.elementor-widget-text-editor:not(.elementor-drop-cap-view-default) .elementor-drop-cap-letter{width:1em;height:1em}.elementor-widget-text-editor .elementor-drop-cap{float:left;text-align:center;line-height:1;font-size:50px}.elementor-widget-text-editor .elementor-drop-cap-letter{display:inline-block}<\/style>\t\t\t\t<h4>POL\u00cdTICA DE PRIVACIDAD<\/h4>\n<div><strong>1. Introducci\u00f3n<\/strong><\/div>\n<div>\u00a0<\/div>\n<div>La aplicaci\u00f3n Radio Catedral 95.7 &#8211; 101.1 FM ha sido desarrollada por la Di\u00f3cesis de Azogues con el \u00fanico prop\u00f3sito de permitir a los usuarios escuchar la transmisi\u00f3n en vivo de la emisora, acceder a nuestras redes sociales y compartir la aplicaci\u00f3n con otras personas.<\/div>\n<div>Nos comprometemos a respetar y proteger la privacidad de todos los usuarios.<\/div>\n<div>\u00a0<\/div>\n<div>Esta pol\u00edtica explica claramente que no recopilamos, almacenamos ni compartimos ning\u00fan tipo de informaci\u00f3n personal o t\u00e9cnica del usuario.<\/div>\n<div>\u00a0<\/div>\n<div>\u2e3b<\/div>\n<div>\u00a0<\/div>\n<div><strong>2. Informaci\u00f3n que recopilamos<\/strong><\/div>\n<div>\u00a0<\/div>\n<div>No recopilamos ning\u00fan tipo de informaci\u00f3n personal ni t\u00e9cnica.<\/div>\n<div>Esto incluye, pero no se limita a:<\/div>\n<div>\u2022Nombres, correos electr\u00f3nicos o n\u00fameros telef\u00f3nicos.<\/div>\n<div>\u2022Ubicaci\u00f3n del dispositivo (GPS).<\/div>\n<div>\u2022Direcci\u00f3n IP, identificadores de dispositivo o cookies.<\/div>\n<div>\u2022Datos de uso, anal\u00edtica o diagn\u00f3stico.<\/div>\n<div>\u2022Informaci\u00f3n de contactos, archivos, c\u00e1mara, micr\u00f3fono o almacenamiento.<\/div>\n<div>\u00a0<\/div>\n<div>La aplicaci\u00f3n no solicita permisos especiales en el dispositivo, m\u00e1s all\u00e1 de los m\u00ednimos necesarios para:<\/div>\n<div>\u2022Acceder a internet y reproducir la se\u00f1al en vivo de la radio.<\/div>\n<div>\u2022Mostrar el contenido de la web oficial o transmisiones de Facebook dentro del WebView.<\/div>\n<div>\u00a0<\/div>\n<div>\u2e3b<\/div>\n<div>\u00a0<\/div>\n<div><strong>3. Finalidad de la aplicaci\u00f3n<\/strong><\/div>\n<div>\u00a0<\/div>\n<div>La aplicaci\u00f3n tiene \u00fanicamente tres funciones:<\/div>\n<div>1.Transmitir en vivo la se\u00f1al oficial de Radio Catedral 95.7 &#8211; 101.1 FM.<\/div>\n<div>2.Permitir el contacto con la Di\u00f3cesis de Azogues mediante la pesta\u00f1a \u201cContacto\u201d.<\/div>\n<div>3.Facilitar compartir la app con otras personas o acceder al sitio web oficial.<\/div>\n<div>\u00a0<\/div>\n<div>No existe ninguna funci\u00f3n de registro, inicio de sesi\u00f3n, ni almacenamiento de datos.<\/div>\n<div>\u00a0<\/div>\n<div>\u2e3b<\/div>\n<div>\u00a0<\/div>\n<div><strong>4. Servicios de terceros<\/strong><\/div>\n<div>\u00a0<\/div>\n<div>La aplicaci\u00f3n no utiliza ning\u00fan servicio de terceros que recopile informaci\u00f3n, como:<\/div>\n<div>\u2022Google Analytics<\/div>\n<div>\u2022Firebase<\/div>\n<div>\u2022Facebook Analytics<\/div>\n<div>\u2022SDK de publicidad o remarketing<\/div>\n<div>\u00a0<\/div>\n<div>El \u00fanico contenido externo mostrado corresponde a las transmisiones oficiales de Facebook de la Di\u00f3cesis, visualizadas dentro de un WebView, sin que la app recopile datos de los usuarios que las observan.<\/div>\n<div>\u00a0<\/div>\n<div>\u2e3b<\/div>\n<div>\u00a0<\/div>\n<div><strong>5. Seguridad de la informaci\u00f3n<\/strong><\/div>\n<div>\u00a0<\/div>\n<div>Dado que la aplicaci\u00f3n no recopila informaci\u00f3n, no se almacenan datos personales en ning\u00fan servidor ni base de datos.<\/div>\n<div>Sin embargo, la transmisi\u00f3n de radio y el acceso al sitio web oficial se realizan mediante protocolos seguros (HTTPS) administrados por la Di\u00f3cesis de Azogues y plataformas confiables.<\/div>\n<div>\u00a0<\/div>\n<div>\u2e3b<\/div>\n<div>\u00a0<\/div>\n<div><strong>6. Enlaces externos<\/strong><\/div>\n<div>\u00a0<\/div>\n<div>La aplicaci\u00f3n puede incluir enlaces hacia:<\/div>\n<div>\u2022La p\u00e1gina web oficial de la Di\u00f3cesis: http:\/\/www.diocesisdeazogues.org\ufffc<\/div>\n<div>\u2022Transmisiones de Facebook de la Di\u00f3cesis<\/div>\n<div>Estos sitios tienen sus propias pol\u00edticas de privacidad, independientes de esta aplicaci\u00f3n. Te recomendamos revisarlas al acceder.<\/div>\n<div>\u00a0<\/div>\n<div>\u2e3b<\/div>\n<div>\u00a0<\/div>\n<div><strong>7. Privacidad de menores<\/strong><\/div>\n<div>\u00a0<\/div>\n<div>La aplicaci\u00f3n puede ser utilizada por todo p\u00fablico.<\/div>\n<div>No est\u00e1 dirigida espec\u00edficamente a menores, pero no recopila ning\u00fan tipo de dato personal, por lo tanto no representa riesgo para ni\u00f1os o adolescentes.<\/div>\n<div>\u00a0<\/div>\n<div>\u2e3b<\/div>\n<div>\u00a0<\/div>\n<div><strong>8. Cambios en esta pol\u00edtica<\/strong><\/div>\n<div>\u00a0<\/div>\n<div>Podemos actualizar esta Pol\u00edtica de Privacidad si realizamos cambios en la aplicaci\u00f3n.<\/div>\n<div>Cualquier modificaci\u00f3n ser\u00e1 publicada en esta misma p\u00e1gina, junto con la nueva fecha de entrada en vigor.<\/div>\n<div>El uso continuado de la app despu\u00e9s de cualquier actualizaci\u00f3n significar\u00e1 que aceptas la nueva versi\u00f3n.<\/div>\n<div>\u00a0<\/div>\n<div>\u2e3b<\/div>\t\t\t\t\t\t<\/div>\n\t\t\t\t<\/div>\n\t\t\t\t\t<\/div>\n\t\t<\/div>\n\t\t\t\t\t<\/div>\n\t\t<\/section>\n\t\t\t\t<section class=\"elementor-section elementor-top-section elementor-element elementor-element-06501c3 elementor-section-boxed elementor-section-height-default elementor-section-height-default\" data-id=\"06501c3\" data-element_type=\"section\">\n\t\t\t\t\t\t<div class=\"elementor-container elementor-column-gap-default\">\n\t\t\t\t\t<div class=\"elementor-column elementor-col-100 elementor-top-column elementor-element elementor-element-580a254\" data-id=\"580a254\" data-element_type=\"column\">\n\t\t\t<div class=\"elementor-widget-wrap elementor-element-populated\">\n\t\t\t\t\t\t<div class=\"elementor-element elementor-element-a582e5b elementor-widget elementor-widget-text-editor\" data-id=\"a582e5b\" data-element_type=\"widget\" data-widget_type=\"text-editor.default\">\n\t\t\t\t<div class=\"elementor-widget-container\">\n\t\t\t\t\t\t\t<p>Si tienes preguntas, inquietudes o solicitudes relacionadas con la privacidad o el funcionamiento de la aplicaci\u00f3n, puedes escribirnos a:<\/p>\n<p>\ud83d\udce7 E-mail: diocesis.azogues@gmail.com<br \/>\ud83c\udf10 Sitio web: http:\/\/www.diocesisdeazogues.org\ufffc<\/p>\t\t\t\t\t\t<\/div>\n\t\t\t\t<\/div>\n\t\t\t\t\t<\/div>\n\t\t<\/div>\n\t\t\t\t\t<\/div>\n\t\t<\/section>\n\t\t\t\t<section class=\"elementor-section elementor-top-section elementor-element elementor-element-eee0743 elementor-section-boxed elementor-section-height-default elementor-section-height-default\" data-id=\"eee0743\" data-element_type=\"section\">\n\t\t\t\t\t\t<div class=\"elementor-container elementor-column-gap-default\">\n\t\t\t\t\t<div class=\"elementor-column elementor-col-100 elementor-top-column elementor-element elementor-element-bd7e21a\" data-id=\"bd7e21a\" data-element_type=\"column\">\n\t\t\t<div class=\"elementor-widget-wrap\">\n\t\t\t\t\t\t\t<\/div>\n\t\t<\/div>\n\t\t\t\t\t<\/div>\n\t\t<\/section>\n\t\t\t\t<\/div>\n\t\t","protected":false},"excerpt":{"rendered":"<p>POL\u00cdTICA DE PRIVACIDAD 1. Introducci\u00f3n \u00a0 La aplicaci\u00f3n Radio Catedral 95.7 &#8211; 101.1 FM ha sido desarrollada por la Di\u00f3cesis de Azogues con el \u00fanico prop\u00f3sito de permitir a los usuarios escuchar la transmisi\u00f3n en vivo de la emisora, acceder a nuestras redes sociales y compartir la aplicaci\u00f3n con otras personas. Nos comprometemos a respetar [&hellip;]<\/p>\n","protected":false},"author":1,"featured_media":0,"parent":0,"menu_order":0,"comment_status":"closed","ping_status":"closed","template":"","meta":{"footnotes":""},"_links":{"self":[{"href":"http:\/\/www.diocesisdeazogues.org\/catedralFM\/wp-json\/wp\/v2\/pages\/1137"}],"collection":[{"href":"http:\/\/www.diocesisdeazogues.org\/catedralFM\/wp-json\/wp\/v2\/pages"}],"about":[{"href":"http:\/\/www.diocesisdeazogues.org\/catedralFM\/wp-json\/wp\/v2\/types\/page"}],"author":[{"embeddable":true,"href":"http:\/\/www.diocesisdeazogues.org\/catedralFM\/wp-json\/wp\/v2\/users\/1"}],"replies":[{"embeddable":true,"href":"http:\/\/www.diocesisdeazogues.org\/catedralFM\/wp-json\/wp\/v2\/comments?post=1137"}],"version-history":[{"count":4,"href":"http:\/\/www.diocesisdeazogues.org\/catedralFM\/wp-json\/wp\/v2\/pages\/1137\/revisions"}],"predecessor-version":[{"id":1141,"href":"http:\/\/www.diocesisdeazogues.org\/catedralFM\/wp-json\/wp\/v2\/pages\/1137\/revisions\/1141"}],"wp:attachment":[{"href":"http:\/\/www.diocesisdeazogues.org\/catedralFM\/wp-json\/wp\/v2\/media?parent=1137"}],"curies":[{"name":"wp","href":"https:\/\/api.w.org\/{rel}","templated":true}]}}