{"id":33,"date":"2022-03-13T14:12:44","date_gmt":"2022-03-13T14:12:44","guid":{"rendered":"http:\/\/www.diocesisdeazogues.org\/catedralFM\/?page_id=33"},"modified":"2024-11-07T14:53:10","modified_gmt":"2024-11-07T19:53:10","slug":"programacion","status":"publish","type":"page","link":"http:\/\/www.diocesisdeazogues.org\/catedralFM\/","title":{"rendered":"Bienvenidos"},"content":{"rendered":"\t\t<div data-elementor-type=\"wp-page\" data-elementor-id=\"33\" class=\"elementor elementor-33\">\n\t\t\t\t\t\t<section class=\"elementor-section elementor-top-section elementor-element elementor-element-9311b97 elementor-section-boxed elementor-section-height-default elementor-section-height-default\" data-id=\"9311b97\" data-element_type=\"section\">\n\t\t\t\t\t\t<div class=\"elementor-container elementor-column-gap-default\">\n\t\t\t\t\t<div class=\"elementor-column elementor-col-100 elementor-top-column elementor-element elementor-element-38da771a\" data-id=\"38da771a\" data-element_type=\"column\">\n\t\t\t<div class=\"elementor-widget-wrap elementor-element-populated\">\n\t\t\t\t\t\t<div class=\"elementor-element elementor-element-3210aaf elementor-grid-4 elementor-widget__width-initial elementor-hidden-tablet elementor-hidden-mobile elementor-shape-rounded elementor-invisible elementor-widget elementor-widget-social-icons\" data-id=\"3210aaf\" data-element_type=\"widget\" data-settings=\"{&quot;_animation&quot;:&quot;fadeIn&quot;}\" data-widget_type=\"social-icons.default\">\n\t\t\t\t<div class=\"elementor-widget-container\">\n\t\t\t<style>\/*! elementor - v3.21.0 - 18-04-2024 *\/\n.elementor-widget-social-icons.elementor-grid-0 .elementor-widget-container,.elementor-widget-social-icons.elementor-grid-mobile-0 .elementor-widget-container,.elementor-widget-social-icons.elementor-grid-tablet-0 .elementor-widget-container{line-height:1;font-size:0}.elementor-widget-social-icons:not(.elementor-grid-0):not(.elementor-grid-tablet-0):not(.elementor-grid-mobile-0) .elementor-grid{display:inline-grid}.elementor-widget-social-icons .elementor-grid{grid-column-gap:var(--grid-column-gap,5px);grid-row-gap:var(--grid-row-gap,5px);grid-template-columns:var(--grid-template-columns);justify-content:var(--justify-content,center);justify-items:var(--justify-content,center)}.elementor-icon.elementor-social-icon{font-size:var(--icon-size,25px);line-height:var(--icon-size,25px);width:calc(var(--icon-size, 25px) + 2 * var(--icon-padding, .5em));height:calc(var(--icon-size, 25px) + 2 * var(--icon-padding, .5em))}.elementor-social-icon{--e-social-icon-icon-color:#fff;display:inline-flex;background-color:#69727d;align-items:center;justify-content:center;text-align:center;cursor:pointer}.elementor-social-icon i{color:var(--e-social-icon-icon-color)}.elementor-social-icon svg{fill:var(--e-social-icon-icon-color)}.elementor-social-icon:last-child{margin:0}.elementor-social-icon:hover{opacity:.9;color:#fff}.elementor-social-icon-android{background-color:#a4c639}.elementor-social-icon-apple{background-color:#999}.elementor-social-icon-behance{background-color:#1769ff}.elementor-social-icon-bitbucket{background-color:#205081}.elementor-social-icon-codepen{background-color:#000}.elementor-social-icon-delicious{background-color:#39f}.elementor-social-icon-deviantart{background-color:#05cc47}.elementor-social-icon-digg{background-color:#005be2}.elementor-social-icon-dribbble{background-color:#ea4c89}.elementor-social-icon-elementor{background-color:#d30c5c}.elementor-social-icon-envelope{background-color:#ea4335}.elementor-social-icon-facebook,.elementor-social-icon-facebook-f{background-color:#3b5998}.elementor-social-icon-flickr{background-color:#0063dc}.elementor-social-icon-foursquare{background-color:#2d5be3}.elementor-social-icon-free-code-camp,.elementor-social-icon-freecodecamp{background-color:#006400}.elementor-social-icon-github{background-color:#333}.elementor-social-icon-gitlab{background-color:#e24329}.elementor-social-icon-globe{background-color:#69727d}.elementor-social-icon-google-plus,.elementor-social-icon-google-plus-g{background-color:#dd4b39}.elementor-social-icon-houzz{background-color:#7ac142}.elementor-social-icon-instagram{background-color:#262626}.elementor-social-icon-jsfiddle{background-color:#487aa2}.elementor-social-icon-link{background-color:#818a91}.elementor-social-icon-linkedin,.elementor-social-icon-linkedin-in{background-color:#0077b5}.elementor-social-icon-medium{background-color:#00ab6b}.elementor-social-icon-meetup{background-color:#ec1c40}.elementor-social-icon-mixcloud{background-color:#273a4b}.elementor-social-icon-odnoklassniki{background-color:#f4731c}.elementor-social-icon-pinterest{background-color:#bd081c}.elementor-social-icon-product-hunt{background-color:#da552f}.elementor-social-icon-reddit{background-color:#ff4500}.elementor-social-icon-rss{background-color:#f26522}.elementor-social-icon-shopping-cart{background-color:#4caf50}.elementor-social-icon-skype{background-color:#00aff0}.elementor-social-icon-slideshare{background-color:#0077b5}.elementor-social-icon-snapchat{background-color:#fffc00}.elementor-social-icon-soundcloud{background-color:#f80}.elementor-social-icon-spotify{background-color:#2ebd59}.elementor-social-icon-stack-overflow{background-color:#fe7a15}.elementor-social-icon-steam{background-color:#00adee}.elementor-social-icon-stumbleupon{background-color:#eb4924}.elementor-social-icon-telegram{background-color:#2ca5e0}.elementor-social-icon-threads{background-color:#000}.elementor-social-icon-thumb-tack{background-color:#1aa1d8}.elementor-social-icon-tripadvisor{background-color:#589442}.elementor-social-icon-tumblr{background-color:#35465c}.elementor-social-icon-twitch{background-color:#6441a5}.elementor-social-icon-twitter{background-color:#1da1f2}.elementor-social-icon-viber{background-color:#665cac}.elementor-social-icon-vimeo{background-color:#1ab7ea}.elementor-social-icon-vk{background-color:#45668e}.elementor-social-icon-weibo{background-color:#dd2430}.elementor-social-icon-weixin{background-color:#31a918}.elementor-social-icon-whatsapp{background-color:#25d366}.elementor-social-icon-wordpress{background-color:#21759b}.elementor-social-icon-x-twitter{background-color:#000}.elementor-social-icon-xing{background-color:#026466}.elementor-social-icon-yelp{background-color:#af0606}.elementor-social-icon-youtube{background-color:#cd201f}.elementor-social-icon-500px{background-color:#0099e5}.elementor-shape-rounded .elementor-icon.elementor-social-icon{border-radius:10%}.elementor-shape-circle .elementor-icon.elementor-social-icon{border-radius:50%}<\/style>\t\t<div class=\"elementor-social-icons-wrapper elementor-grid\">\n\t\t\t\t\t\t\t<span class=\"elementor-grid-item\">\n\t\t\t\t\t<a class=\"elementor-icon elementor-social-icon elementor-social-icon-facebook elementor-animation-grow elementor-repeater-item-2bd8a0e\" href=\"https:\/\/www.facebook.com\/RadioCatedralAzogues\" target=\"_blank\">\n\t\t\t\t\t\t<span class=\"elementor-screen-only\">Facebook<\/span>\n\t\t\t\t\t\t<svg class=\"e-font-icon-svg e-fab-facebook\" viewBox=\"0 0 512 512\" xmlns=\"http:\/\/www.w3.org\/2000\/svg\"><path d=\"M504 256C504 119 393 8 256 8S8 119 8 256c0 123.78 90.69 226.38 209.25 245V327.69h-63V256h63v-54.64c0-62.15 37-96.48 93.67-96.48 27.14 0 55.52 4.84 55.52 4.84v61h-31.28c-30.8 0-40.41 19.12-40.41 38.73V256h68.78l-11 71.69h-57.78V501C413.31 482.38 504 379.78 504 256z\"><\/path><\/svg>\t\t\t\t\t<\/a>\n\t\t\t\t<\/span>\n\t\t\t\t\t\t\t<span class=\"elementor-grid-item\">\n\t\t\t\t\t<a class=\"elementor-icon elementor-social-icon elementor-social-icon-twitter elementor-animation-grow elementor-repeater-item-8ab0fd2\" href=\"https:\/\/twitter.com\/radiocatedralaz\" target=\"_blank\">\n\t\t\t\t\t\t<span class=\"elementor-screen-only\">Twitter<\/span>\n\t\t\t\t\t\t<svg class=\"e-font-icon-svg e-fab-twitter\" viewBox=\"0 0 512 512\" xmlns=\"http:\/\/www.w3.org\/2000\/svg\"><path d=\"M459.37 151.716c.325 4.548.325 9.097.325 13.645 0 138.72-105.583 298.558-298.558 298.558-59.452 0-114.68-17.219-161.137-47.106 8.447.974 16.568 1.299 25.34 1.299 49.055 0 94.213-16.568 130.274-44.832-46.132-.975-84.792-31.188-98.112-72.772 6.498.974 12.995 1.624 19.818 1.624 9.421 0 18.843-1.3 27.614-3.573-48.081-9.747-84.143-51.98-84.143-102.985v-1.299c13.969 7.797 30.214 12.67 47.431 13.319-28.264-18.843-46.781-51.005-46.781-87.391 0-19.492 5.197-37.36 14.294-52.954 51.655 63.675 129.3 105.258 216.365 109.807-1.624-7.797-2.599-15.918-2.599-24.04 0-57.828 46.782-104.934 104.934-104.934 30.213 0 57.502 12.67 76.67 33.137 23.715-4.548 46.456-13.32 66.599-25.34-7.798 24.366-24.366 44.833-46.132 57.827 21.117-2.273 41.584-8.122 60.426-16.243-14.292 20.791-32.161 39.308-52.628 54.253z\"><\/path><\/svg>\t\t\t\t\t<\/a>\n\t\t\t\t<\/span>\n\t\t\t\t\t\t\t<span class=\"elementor-grid-item\">\n\t\t\t\t\t<a class=\"elementor-icon elementor-social-icon elementor-social-icon-youtube elementor-animation-grow elementor-repeater-item-8d91c85\" href=\"https:\/\/www.youtube.com\/@radiocatedral3866\" target=\"_blank\">\n\t\t\t\t\t\t<span class=\"elementor-screen-only\">Youtube<\/span>\n\t\t\t\t\t\t<svg class=\"e-font-icon-svg e-fab-youtube\" viewBox=\"0 0 576 512\" xmlns=\"http:\/\/www.w3.org\/2000\/svg\"><path d=\"M549.655 124.083c-6.281-23.65-24.787-42.276-48.284-48.597C458.781 64 288 64 288 64S117.22 64 74.629 75.486c-23.497 6.322-42.003 24.947-48.284 48.597-11.412 42.867-11.412 132.305-11.412 132.305s0 89.438 11.412 132.305c6.281 23.65 24.787 41.5 48.284 47.821C117.22 448 288 448 288 448s170.78 0 213.371-11.486c23.497-6.321 42.003-24.171 48.284-47.821 11.412-42.867 11.412-132.305 11.412-132.305s0-89.438-11.412-132.305zm-317.51 213.508V175.185l142.739 81.205-142.739 81.201z\"><\/path><\/svg>\t\t\t\t\t<\/a>\n\t\t\t\t<\/span>\n\t\t\t\t\t\t\t<span class=\"elementor-grid-item\">\n\t\t\t\t\t<a class=\"elementor-icon elementor-social-icon elementor-social-icon- elementor-animation-grow elementor-repeater-item-cde3cbb\" href=\"https:\/\/www.tiktok.com\/@radiocatedral8\" target=\"_blank\">\n\t\t\t\t\t\t<span class=\"elementor-screen-only\"><\/span>\n\t\t\t\t\t\t<svg xmlns=\"http:\/\/www.w3.org\/2000\/svg\" fill=\"#000000\" width=\"800px\" height=\"800px\" viewBox=\"0 0 512 512\" id=\"icons\"><path d=\"M412.19,118.66a109.27,109.27,0,0,1-9.45-5.5,132.87,132.87,0,0,1-24.27-20.62c-18.1-20.71-24.86-41.72-27.35-56.43h.1C349.14,23.9,350,16,350.13,16H267.69V334.78c0,4.28,0,8.51-.18,12.69,0,.52-.05,1-.08,1.56,0,.23,0,.47-.05.71,0,.06,0,.12,0,.18a70,70,0,0,1-35.22,55.56,68.8,68.8,0,0,1-34.11,9c-38.41,0-69.54-31.32-69.54-70s31.13-70,69.54-70a68.9,68.9,0,0,1,21.41,3.39l.1-83.94a153.14,153.14,0,0,0-118,34.52,161.79,161.79,0,0,0-35.3,43.53c-3.48,6-16.61,30.11-18.2,69.24-1,22.21,5.67,45.22,8.85,54.73v.2c2,5.6,9.75,24.71,22.38,40.82A167.53,167.53,0,0,0,115,470.66v-.2l.2.2C155.11,497.78,199.36,496,199.36,496c7.66-.31,33.32,0,62.46-13.81,32.32-15.31,50.72-38.12,50.72-38.12a158.46,158.46,0,0,0,27.64-45.93c7.46-19.61,9.95-43.13,9.95-52.53V176.49c1,.6,14.32,9.41,14.32,9.41s19.19,12.3,49.13,20.31c21.48,5.7,50.42,6.9,50.42,6.9V131.27C453.86,132.37,433.27,129.17,412.19,118.66Z\"><\/path><\/svg>\t\t\t\t\t<\/a>\n\t\t\t\t<\/span>\n\t\t\t\t\t<\/div>\n\t\t\t\t<\/div>\n\t\t\t\t<\/div>\n\t\t\t\t<div class=\"elementor-element elementor-element-29e73a5e elementor-drop-cap-yes elementor-drop-cap-view-default elementor-widget elementor-widget-text-editor\" data-id=\"29e73a5e\" data-element_type=\"widget\" data-settings=\"{&quot;drop_cap&quot;:&quot;yes&quot;}\" data-widget_type=\"text-editor.default\">\n\t\t\t\t<div class=\"elementor-widget-container\">\n\t\t\t<style>\/*! elementor - v3.21.0 - 18-04-2024 *\/\n.elementor-widget-text-editor.elementor-drop-cap-view-stacked .elementor-drop-cap{background-color:#69727d;color:#fff}.elementor-widget-text-editor.elementor-drop-cap-view-framed .elementor-drop-cap{color:#69727d;border:3px solid;background-color:transparent}.elementor-widget-text-editor:not(.elementor-drop-cap-view-default) .elementor-drop-cap{margin-top:8px}.elementor-widget-text-editor:not(.elementor-drop-cap-view-default) .elementor-drop-cap-letter{width:1em;height:1em}.elementor-widget-text-editor .elementor-drop-cap{float:left;text-align:center;line-height:1;font-size:50px}.elementor-widget-text-editor .elementor-drop-cap-letter{display:inline-block}<\/style>\t\t\t\t<p><!-- wp:social-links {\"layout\":{\"type\":\"flex\",\"justifyContent\":\"right\"}} --><\/p>\n<ul class=\"wp-block-social-links\">\n<li style=\"list-style-type: none;\">\n<ul class=\"wp-block-social-links\"><!-- wp:social-link {\"url\":\"https:\/\/www.facebook.com\/RadioCatedralAzogues\",\"service\":\"facebook\"} \/--><\/ul>\n<\/li>\n<\/ul>\n<p><!-- wp:social-link {\"url\":\"https:\/\/www.instagram.com\/radiocatedralaz\/\",\"service\":\"instagram\"} \/--><\/p>\n<p><!-- wp:social-link {\"url\":\"https:\/\/www.youtube.com\/channel\/UCjV5fJB3X2ykJRRzLwGBTVw\",\"service\":\"youtube\"} \/--><\/p>\n<p><!-- wp:social-link {\"service\":\"tiktok\"} \/--><\/p>\n<p><!-- \/wp:social-links --><\/p>\n<p><!-- wp:image {\"id\":19,\"sizeSlug\":\"full\",\"linkDestination\":\"none\"} --><\/p>\n<figure><iframe style=\"width: 100%; height: 100px;\" src=\"https:\/\/tunein.com\/embed\/player\/s223481\/\" frameborder=\"no\" scrolling=\"no\"><\/iframe><\/figure>\n<figure class=\"wp-block-image size-full\"><img fetchpriority=\"high\" decoding=\"async\" width=\"1592\" height=\"594\" class=\"wp-image-19\" src=\"http:\/\/www.diocesisdeazogues.org\/catedralFM\/wp-content\/uploads\/2022\/03\/banner-catedral-fm.png\" alt=\"\" srcset=\"http:\/\/www.diocesisdeazogues.org\/catedralFM\/wp-content\/uploads\/2022\/03\/banner-catedral-fm.png 1592w, http:\/\/www.diocesisdeazogues.org\/catedralFM\/wp-content\/uploads\/2022\/03\/banner-catedral-fm-300x112.png 300w, http:\/\/www.diocesisdeazogues.org\/catedralFM\/wp-content\/uploads\/2022\/03\/banner-catedral-fm-1024x382.png 1024w, http:\/\/www.diocesisdeazogues.org\/catedralFM\/wp-content\/uploads\/2022\/03\/banner-catedral-fm-768x287.png 768w, http:\/\/www.diocesisdeazogues.org\/catedralFM\/wp-content\/uploads\/2022\/03\/banner-catedral-fm-1536x573.png 1536w, http:\/\/www.diocesisdeazogues.org\/catedralFM\/wp-content\/uploads\/2022\/03\/banner-catedral-fm-1000x373.png 1000w\" sizes=\"(max-width: 1592px) 100vw, 1592px\" \/><\/figure>\n<p><!-- \/wp:image --><\/p>\n<p><!-- wp:column {\"width\":\"100%\"} --><\/p>\n<div class=\"wp-block-column\" style=\"flex-basis: 100%;\">\n<p><!-- wp:group {\"tagName\":\"header\"} --><\/p>\n<header class=\"wp-block-group\"><!-- wp:columns -->\n<p>\u00a0<\/p>\n<div class=\"wp-block-columns\">\n<p><!-- wp:column {\"width\":\"100%\"} --><\/p>\n<div class=\"wp-block-column\" style=\"flex-basis: 100%;\">\n<p><!-- wp:verse {\"textColor\":\"black\",\"fontSize\":\"medium\",\"extUtilities\":[]} --><\/p>\n<div class=\"wp-block-verse has-black-color has-text-color has-medium-font-size\" style=\"max-width: 100%; overflow-x: auto;\">\n<pre style=\"font-family: Arial, sans-serif;\">Radio Catedral 95.7 101.1 F.M se orienta a liderar a nivel nacional la comunicaci\u00f3n y la evangelizaci\u00f3n con profesionalismo, imparcialidad, criterio cristiano y responsabilidad social con miras al buen vivir de todas las personas mediante la pr\u00e1ctica de los valores.<\/pre>\n<\/div>\n<\/div>\n<\/div>\n<\/header>\n<p><!-- wp:separator --><\/p>\n<hr class=\"wp-block-separator\" \/>\n<p><!-- \/wp:separator --><\/p>\n<p><!-- wp:group --><\/p>\n<div class=\"wp-block-group\">\n<p><!-- wp:media-text {\"mediaPosition\":\"right\",\"mediaId\":116,\"mediaLink\":\"http:\/\/www.diocesisdeazogues.org\/catedralFM\/programacion\/attachment\/catedral_iglesia\/\",\"mediaType\":\"image\"} --><\/p>\n<div class=\"wp-block-media-text alignwide has-media-on-the-right is-stacked-on-mobile\">\n<figure class=\"wp-block-media-text__media\"><img decoding=\"async\" width=\"731\" height=\"1024\" class=\"wp-image-116 size-full\" src=\"http:\/\/www.diocesisdeazogues.org\/catedralFM\/wp-content\/uploads\/2022\/03\/catedral_iglesia-731x1024.jpg\" alt=\"\" srcset=\"http:\/\/www.diocesisdeazogues.org\/catedralFM\/wp-content\/uploads\/2022\/03\/catedral_iglesia-731x1024.jpg 731w, http:\/\/www.diocesisdeazogues.org\/catedralFM\/wp-content\/uploads\/2022\/03\/catedral_iglesia-214x300.jpg 214w, http:\/\/www.diocesisdeazogues.org\/catedralFM\/wp-content\/uploads\/2022\/03\/catedral_iglesia.jpg 751w\" sizes=\"(max-width: 731px) 100vw, 731px\" \/><\/figure>\n<div class=\"wp-block-media-text__content\">\n<p><!-- wp:paragraph {\"placeholder\":\"Contenido\u2026\",\"fontSize\":\"large\"} --><\/p>\n<p class=\"has-large-font-size\"><strong>NUESTRA MISION<\/strong><\/p>\n<p><!-- \/wp:paragraph --><\/p>\n<p><!-- wp:group --><\/p>\n<div class=\"wp-block-group\">\n<p><!-- wp:columns --><\/p>\n<div class=\"wp-block-columns\">\n<p><!-- wp:column {\"width\":\"100%\"} --><\/p>\n<div class=\"wp-block-column\" style=\"flex-basis: 100%;\">\n<p><!-- wp:verse {\"style\":{\"typography\":{\"fontStyle\":\"normal\",\"fontWeight\":\"400\",\"fontSize\":\"28px\"}},\"textColor\":\"black\",\"extUtilities\":[]} --><\/p>\n<pre class=\"wp-block-verse has-black-color has-text-color\" style=\"font-size: 28px; font-style: normal; font-weight: 400;\"><sub><sup>Radio CATEDRAL 95.7  101.1 F.M es un\nmedio de comunicaci\u00f3n que tiene como\nmisi\u00f3n: evangelizar, informar, educar y\nentretener a su audiencia en la provincia\ndel Ca\u00f1ar  y el austro ecuatoriano con un\nmensaje claro y directo basado en los\nvalores humanos cristianos que se derivan\ndel Evangelio de Jesucristo, motivando a\nvivir con optimismo y esperanza,\nasumiendo como oportunidades para el\ndesarrollo y la perfecci\u00f3n humana todos\nlos acontecimientos de la vida.<\/sup><\/sub><\/pre>\n<p><!-- \/wp:verse --><\/p>\n<\/div>\n<p><!-- \/wp:column --><\/p>\n<\/div>\n<p><!-- \/wp:columns --><\/p>\n<\/div>\n<p><!-- \/wp:group --><\/p>\n<\/div>\n<\/div>\n<p><!-- \/wp:media-text --><\/p>\n<\/div>\n<p><!-- \/wp:group --><\/p>\n<p><!-- wp:separator --><\/p>\n<hr class=\"wp-block-separator\" \/>\n<p><!-- \/wp:separator --><\/p>\n<p><!-- wp:group {\"align\":\"full\",\"backgroundColor\":\"black\",\"className\":\"ext editor:no-inserter ext-py-lg ext-my-0\",\"layout\":{\"inherit\":true}} --><\/p>\n<div class=\"wp-block-group alignfull ext editor:no-inserter ext-py-lg ext-my-0 has-black-background-color has-background\">\n<p><!-- wp:group {\"align\":\"wide\"} --><\/p>\n<div class=\"wp-block-group alignwide\">\n<p><!-- wp:heading {\"align\":\"wide\",\"textColor\":\"white\",\"className\":\"ext-mt-0 ext-mb-base\",\"fontSize\":\"ext-x-large\"} --><\/p>\n<h2 id=\"our-team\" class=\"alignwide ext-mt-0 ext-mb-base has-white-color has-text-color has-ext-x-large-font-size\">Nuestra Programaci\u00f3n<\/h2>\n<p><!-- \/wp:heading --><\/p>\n<\/div>\n<p><!-- \/wp:group --><\/p>\n<p><!-- wp:columns {\"align\":\"wide\",\"className\":\"tablet:fullwidth-cols tablet:ext-fullwidth-cols\",\"extUtilities\":[\"ext-mt-base\"]} --><\/p>\n<div class=\"tablet:fullwidth-cols tablet:ext-fullwidth-cols wp-block-columns alignwide ext-mt-base\">\n<p><!-- wp:column {\"className\":\"tablet:ext-mb-0 ext-mb-lg\"} --><\/p>\n<div class=\"wp-block-column tablet:ext-mb-0 ext-mb-lg\">\n<p><!-- wp:image {\"id\":236,\"sizeSlug\":\"large\",\"linkDestination\":\"none\",\"className\":\"is-style-default editor:no-caption editor:no-resize ext-mb-base\"} --><\/p>\n<figure class=\"wp-block-image size-large is-style-default editor:no-caption editor:no-resize ext-mb-base\"><img decoding=\"async\" width=\"1024\" height=\"1024\" class=\"wp-image-236 aligncenter\" src=\"http:\/\/www.diocesisdeazogues.org\/catedralFM\/wp-content\/uploads\/2022\/07\/e39d7578-bb99-40b8-8973-99ede1cf978a-1024x1024.jpg\" alt=\"\" srcset=\"http:\/\/www.diocesisdeazogues.org\/catedralFM\/wp-content\/uploads\/2022\/07\/e39d7578-bb99-40b8-8973-99ede1cf978a-1024x1024.jpg 1024w, http:\/\/www.diocesisdeazogues.org\/catedralFM\/wp-content\/uploads\/2022\/07\/e39d7578-bb99-40b8-8973-99ede1cf978a-300x300.jpg 300w, http:\/\/www.diocesisdeazogues.org\/catedralFM\/wp-content\/uploads\/2022\/07\/e39d7578-bb99-40b8-8973-99ede1cf978a-150x150.jpg 150w, http:\/\/www.diocesisdeazogues.org\/catedralFM\/wp-content\/uploads\/2022\/07\/e39d7578-bb99-40b8-8973-99ede1cf978a-768x767.jpg 768w, http:\/\/www.diocesisdeazogues.org\/catedralFM\/wp-content\/uploads\/2022\/07\/e39d7578-bb99-40b8-8973-99ede1cf978a-1000x999.jpg 1000w, http:\/\/www.diocesisdeazogues.org\/catedralFM\/wp-content\/uploads\/2022\/07\/e39d7578-bb99-40b8-8973-99ede1cf978a.jpg 1280w\" sizes=\"(max-width: 1024px) 100vw, 1024px\" \/><\/figure>\n<p><!-- \/wp:image --><\/p>\n<p><!-- wp:heading {\"textAlign\":\"center\",\"level\":3,\"textColor\":\"white\",\"className\":\"ext-my-base\",\"fontSize\":\"ext-medium\"} --><\/p>\n<h3 id=\"alexa-josep\" class=\"has-text-align-center ext-my-base has-white-color has-text-color has-ext-medium-font-size\" style=\"text-align: center;\">Rezo del Santo Rosario<\/h3>\n<p><!-- \/wp:heading --><\/p>\n<p><!-- wp:paragraph {\"align\":\"center\",\"textColor\":\"white\",\"fontSize\":\"ext-small\"} --><\/p>\n<p><!-- \/wp:paragraph --><\/p>\n<\/div>\n<p><!-- \/wp:column --><\/p>\n<p><!-- wp:column {\"className\":\"ext-mb-lg tablet:ext-mb-0 ext-pt-base tablet:ext-pt-0\"} --><\/p>\n<div class=\"wp-block-column ext-mb-lg tablet:ext-mb-0 ext-pt-base tablet:ext-pt-0\">\n<p><!-- wp:image {\"id\":237,\"sizeSlug\":\"large\",\"linkDestination\":\"none\",\"extUtilities\":[\"is-style-default\",\"editor:no-caption\",\"editor:no-resize\",\"ext-mb-base\"]} --><\/p>\n<figure class=\"wp-block-image size-large is-style-default editor:no-caption editor:no-resize ext-mb-base\"><img loading=\"lazy\" decoding=\"async\" class=\"alignnone size-medium wp-image-1068\" src=\"http:\/\/www.diocesisdeazogues.org\/catedralFM\/wp-content\/uploads\/2024\/11\/EUCARISTIA-300x300.jpg\" alt=\"\" width=\"300\" height=\"300\" srcset=\"http:\/\/www.diocesisdeazogues.org\/catedralFM\/wp-content\/uploads\/2024\/11\/EUCARISTIA-300x300.jpg 300w, http:\/\/www.diocesisdeazogues.org\/catedralFM\/wp-content\/uploads\/2024\/11\/EUCARISTIA-1024x1024.jpg 1024w, http:\/\/www.diocesisdeazogues.org\/catedralFM\/wp-content\/uploads\/2024\/11\/EUCARISTIA-150x150.jpg 150w, http:\/\/www.diocesisdeazogues.org\/catedralFM\/wp-content\/uploads\/2024\/11\/EUCARISTIA-768x768.jpg 768w, http:\/\/www.diocesisdeazogues.org\/catedralFM\/wp-content\/uploads\/2024\/11\/EUCARISTIA-1000x1000.jpg 1000w, http:\/\/www.diocesisdeazogues.org\/catedralFM\/wp-content\/uploads\/2024\/11\/EUCARISTIA.jpg 1080w\" sizes=\"(max-width: 300px) 100vw, 300px\" \/><\/figure>\n<p><!-- \/wp:image --><\/p>\n<p><!-- wp:heading {\"textAlign\":\"center\",\"level\":3,\"textColor\":\"white\",\"className\":\"ext-my-base\",\"fontSize\":\"ext-medium\"} --><\/p>\n<h3 id=\"terrell-maio\" class=\"has-text-align-center ext-my-base has-white-color has-text-color has-ext-medium-font-size\" style=\"text-align: center;\">Santa Eucarist\u00eda<\/h3>\n<\/div>\n<div class=\"wp-block-column ext-mb-lg tablet:ext-mb-0 ext-pt-base tablet:ext-pt-0\">\n<p><!-- wp:image {\"id\":149,\"sizeSlug\":\"large\",\"linkDestination\":\"none\",\"extUtilities\":[\"is-style-default\",\"editor:no-caption\",\"editor:no-resize\",\"ext-mb-base\"]} --><\/p>\n<figure class=\"wp-block-image size-large is-style-default editor:no-caption editor:no-resize ext-mb-base\"><img loading=\"lazy\" decoding=\"async\" class=\"alignnone size-medium wp-image-1050\" src=\"http:\/\/www.diocesisdeazogues.org\/catedralFM\/wp-content\/uploads\/2024\/11\/WhatsApp-Image-2024-11-07-at-09.25.30-300x300.jpeg\" alt=\"\" width=\"300\" height=\"300\" srcset=\"http:\/\/www.diocesisdeazogues.org\/catedralFM\/wp-content\/uploads\/2024\/11\/WhatsApp-Image-2024-11-07-at-09.25.30-300x300.jpeg 300w, http:\/\/www.diocesisdeazogues.org\/catedralFM\/wp-content\/uploads\/2024\/11\/WhatsApp-Image-2024-11-07-at-09.25.30-1024x1024.jpeg 1024w, http:\/\/www.diocesisdeazogues.org\/catedralFM\/wp-content\/uploads\/2024\/11\/WhatsApp-Image-2024-11-07-at-09.25.30-150x150.jpeg 150w, http:\/\/www.diocesisdeazogues.org\/catedralFM\/wp-content\/uploads\/2024\/11\/WhatsApp-Image-2024-11-07-at-09.25.30-768x768.jpeg 768w, http:\/\/www.diocesisdeazogues.org\/catedralFM\/wp-content\/uploads\/2024\/11\/WhatsApp-Image-2024-11-07-at-09.25.30-1000x1000.jpeg 1000w, http:\/\/www.diocesisdeazogues.org\/catedralFM\/wp-content\/uploads\/2024\/11\/WhatsApp-Image-2024-11-07-at-09.25.30.jpeg 1080w\" sizes=\"(max-width: 300px) 100vw, 300px\" \/><\/figure>\n<p><!-- \/wp:image --><\/p>\n<p><!-- wp:heading {\"textAlign\":\"center\",\"level\":3,\"textColor\":\"white\",\"className\":\"ext-my-base\",\"fontSize\":\"ext-medium\"} --><\/p>\n<h3 id=\"tash-jako\" class=\"has-text-align-center ext-my-base has-white-color has-text-color has-ext-medium-font-size\" style=\"text-align: center;\">Catedral Noticias<\/h3>\n<p><!-- \/wp:heading --><\/p>\n<p><!-- wp:paragraph {\"align\":\"center\",\"textColor\":\"white\",\"fontSize\":\"ext-small\"} --><\/p>\n<p><!-- \/wp:paragraph --><\/p>\n<\/div>\n<p><!-- \/wp:column --><\/p>\n<p><!-- wp:column {\"className\":\"ext-mb-lg tablet:ext-mb-0 ext-pt-base tablet:ext-pt-0\"} --><\/p>\n<div class=\"wp-block-column ext-mb-lg tablet:ext-mb-0 ext-pt-base tablet:ext-pt-0\">\n<p><!-- wp:image {\"id\":149,\"sizeSlug\":\"large\",\"linkDestination\":\"none\",\"extUtilities\":[\"is-style-default\",\"editor:no-caption\",\"editor:no-resize\",\"ext-mb-base\"]} --><\/p>\n<figure class=\"wp-block-image size-large is-style-default editor:no-caption editor:no-resize ext-mb-base\"><img loading=\"lazy\" decoding=\"async\" class=\"alignnone size-medium wp-image-1043\" src=\"http:\/\/www.diocesisdeazogues.org\/catedralFM\/wp-content\/uploads\/2024\/11\/VOZ_PASTORAL-300x300.jpg\" alt=\"\" width=\"300\" height=\"300\" srcset=\"http:\/\/www.diocesisdeazogues.org\/catedralFM\/wp-content\/uploads\/2024\/11\/VOZ_PASTORAL-300x300.jpg 300w, http:\/\/www.diocesisdeazogues.org\/catedralFM\/wp-content\/uploads\/2024\/11\/VOZ_PASTORAL-1024x1024.jpg 1024w, http:\/\/www.diocesisdeazogues.org\/catedralFM\/wp-content\/uploads\/2024\/11\/VOZ_PASTORAL-150x150.jpg 150w, http:\/\/www.diocesisdeazogues.org\/catedralFM\/wp-content\/uploads\/2024\/11\/VOZ_PASTORAL-768x768.jpg 768w, http:\/\/www.diocesisdeazogues.org\/catedralFM\/wp-content\/uploads\/2024\/11\/VOZ_PASTORAL-1000x1000.jpg 1000w, http:\/\/www.diocesisdeazogues.org\/catedralFM\/wp-content\/uploads\/2024\/11\/VOZ_PASTORAL.jpg 1080w\" sizes=\"(max-width: 300px) 100vw, 300px\" \/><\/figure>\n<p><!-- \/wp:image --><\/p>\n<p><!-- wp:heading {\"textAlign\":\"center\",\"level\":3,\"textColor\":\"white\",\"className\":\"ext-my-base\",\"fontSize\":\"ext-medium\"} --><\/p>\n<h3 id=\"tash-jako\" class=\"has-text-align-center ext-my-base has-white-color has-text-color has-ext-medium-font-size\" style=\"text-align: center;\">Voz y Mensaje Pastoral<\/h3>\n<p><!-- \/wp:heading --><\/p>\n<p><!-- wp:paragraph {\"align\":\"center\",\"textColor\":\"white\",\"fontSize\":\"ext-small\"} --><\/p>\n<p><!-- \/wp:paragraph --><\/p>\n<\/div>\n<p><!-- \/wp:column --><\/p>\n<\/div>\n<p><!-- \/wp:columns --><\/p>\n<p><!-- wp:columns {\"align\":\"wide\",\"className\":\"tablet:fullwidth-cols tablet:ext-fullwidth-cols\",\"extUtilities\":[\"ext-mt-base\"]} --><\/p>\n<div class=\"tablet:fullwidth-cols tablet:ext-fullwidth-cols wp-block-columns alignwide ext-mt-base\">\n<p><!-- wp:column {\"className\":\"tablet:ext-mb-0 ext-mb-lg\"} --><\/p>\n<div class=\"wp-block-column tablet:ext-mb-0 ext-mb-lg\">\n<p><!-- wp:image {\"id\":149,\"sizeSlug\":\"large\",\"linkDestination\":\"none\",\"className\":\"is-style-default editor:no-caption editor:no-resize ext-mb-base\"} --><\/p>\n<figure class=\"wp-block-image size-large is-style-default editor:no-caption editor:no-resize ext-mb-base\"><img loading=\"lazy\" decoding=\"async\" class=\"alignnone size-medium wp-image-1069\" src=\"http:\/\/www.diocesisdeazogues.org\/catedralFM\/wp-content\/uploads\/2024\/11\/VOCE_RECUERDOS-300x300.jpg\" alt=\"\" width=\"300\" height=\"300\" srcset=\"http:\/\/www.diocesisdeazogues.org\/catedralFM\/wp-content\/uploads\/2024\/11\/VOCE_RECUERDOS-300x300.jpg 300w, http:\/\/www.diocesisdeazogues.org\/catedralFM\/wp-content\/uploads\/2024\/11\/VOCE_RECUERDOS-1024x1024.jpg 1024w, http:\/\/www.diocesisdeazogues.org\/catedralFM\/wp-content\/uploads\/2024\/11\/VOCE_RECUERDOS-150x150.jpg 150w, http:\/\/www.diocesisdeazogues.org\/catedralFM\/wp-content\/uploads\/2024\/11\/VOCE_RECUERDOS-768x768.jpg 768w, http:\/\/www.diocesisdeazogues.org\/catedralFM\/wp-content\/uploads\/2024\/11\/VOCE_RECUERDOS-1000x1000.jpg 1000w, http:\/\/www.diocesisdeazogues.org\/catedralFM\/wp-content\/uploads\/2024\/11\/VOCE_RECUERDOS.jpg 1080w\" sizes=\"(max-width: 300px) 100vw, 300px\" \/><\/figure>\n<p><!-- \/wp:image --><\/p>\n<p><!-- wp:heading {\"textAlign\":\"center\",\"level\":3,\"textColor\":\"white\",\"className\":\"ext-my-base\",\"fontSize\":\"ext-medium\"} --><\/p>\n<h3 id=\"alexa-josep\" class=\"has-text-align-center ext-my-base has-white-color has-text-color has-ext-medium-font-size\" style=\"text-align: center;\">Voces y Recuerdos<\/h3>\n<p><!-- \/wp:heading --><\/p>\n<p><!-- wp:paragraph {\"align\":\"center\",\"textColor\":\"white\",\"fontSize\":\"ext-small\"} --><\/p>\n<p class=\"has-text-align-center has-white-color has-text-color has-ext-small-font-size\" style=\"text-align: center;\">Conduce Juan Pablo Guill\u00e9n<\/p>\n<p><!-- \/wp:paragraph --><\/p>\n<\/div>\n<p><!-- \/wp:column --><\/p>\n<p><!-- wp:column {\"className\":\"ext-mb-lg tablet:ext-mb-0 ext-pt-base tablet:ext-pt-0\"} --><\/p>\n<div class=\"wp-block-column ext-mb-lg tablet:ext-mb-0 ext-pt-base tablet:ext-pt-0\">\n<p><!-- wp:image {\"id\":140,\"sizeSlug\":\"large\",\"linkDestination\":\"none\",\"extUtilities\":[\"is-style-default\",\"editor:no-caption\",\"editor:no-resize\",\"ext-mb-base\"]} --><\/p>\n<figure class=\"wp-block-image size-large is-style-default editor:no-caption editor:no-resize ext-mb-base\"><img loading=\"lazy\" decoding=\"async\" width=\"1024\" height=\"1024\" class=\"wp-image-140 aligncenter\" src=\"http:\/\/www.diocesisdeazogues.org\/catedralFM\/wp-content\/uploads\/2022\/03\/aperitivo_mediodia-1024x1024.jpeg\" alt=\"\" srcset=\"http:\/\/www.diocesisdeazogues.org\/catedralFM\/wp-content\/uploads\/2022\/03\/aperitivo_mediodia-1024x1024.jpeg 1024w, http:\/\/www.diocesisdeazogues.org\/catedralFM\/wp-content\/uploads\/2022\/03\/aperitivo_mediodia-300x300.jpeg 300w, http:\/\/www.diocesisdeazogues.org\/catedralFM\/wp-content\/uploads\/2022\/03\/aperitivo_mediodia-150x150.jpeg 150w, http:\/\/www.diocesisdeazogues.org\/catedralFM\/wp-content\/uploads\/2022\/03\/aperitivo_mediodia-768x768.jpeg 768w, http:\/\/www.diocesisdeazogues.org\/catedralFM\/wp-content\/uploads\/2022\/03\/aperitivo_mediodia-1536x1536.jpeg 1536w, http:\/\/www.diocesisdeazogues.org\/catedralFM\/wp-content\/uploads\/2022\/03\/aperitivo_mediodia-1000x1000.jpeg 1000w, http:\/\/www.diocesisdeazogues.org\/catedralFM\/wp-content\/uploads\/2022\/03\/aperitivo_mediodia.jpeg 2048w\" sizes=\"(max-width: 1024px) 100vw, 1024px\" \/><\/figure>\n<p><!-- \/wp:image --><\/p>\n<p><!-- wp:heading {\"textAlign\":\"center\",\"level\":3,\"textColor\":\"white\",\"className\":\"ext-my-base\",\"fontSize\":\"ext-medium\"} --><\/p>\n<h3 id=\"terrell-maio\" class=\"has-text-align-center ext-my-base has-white-color has-text-color has-ext-medium-font-size\" style=\"text-align: center;\">Aperitivo del Medio D\u00eda<\/h3>\n<p><!-- \/wp:heading --><\/p>\n<p><!-- wp:paragraph {\"align\":\"center\",\"textColor\":\"white\",\"fontSize\":\"ext-small\"} --><\/p>\n<p class=\"has-text-align-center has-white-color has-text-color has-ext-small-font-size\" style=\"text-align: center;\">Conduce Patricio Illescas<\/p>\n<p><!-- \/wp:paragraph --><\/p>\n<\/div>\n<p><!-- \/wp:column --><\/p>\n<p><!-- wp:column {\"className\":\"ext-mb-lg tablet:ext-mb-0 ext-pt-base tablet:ext-pt-0\"} --><\/p>\n<div class=\"wp-block-column ext-mb-lg tablet:ext-mb-0 ext-pt-base tablet:ext-pt-0\">\n<p><!-- wp:image {\"id\":141,\"sizeSlug\":\"large\",\"linkDestination\":\"none\",\"extUtilities\":[\"is-style-default\",\"editor:no-caption\",\"editor:no-resize\",\"ext-mb-base\"]} --><\/p>\n<figure class=\"wp-block-image size-large is-style-default editor:no-caption editor:no-resize ext-mb-base\"><img loading=\"lazy\" decoding=\"async\" class=\"alignnone size-medium wp-image-1035\" src=\"http:\/\/www.diocesisdeazogues.org\/catedralFM\/wp-content\/uploads\/2024\/11\/ZONA_VIP-300x300.jpg\" alt=\"\" width=\"300\" height=\"300\" srcset=\"http:\/\/www.diocesisdeazogues.org\/catedralFM\/wp-content\/uploads\/2024\/11\/ZONA_VIP-300x300.jpg 300w, http:\/\/www.diocesisdeazogues.org\/catedralFM\/wp-content\/uploads\/2024\/11\/ZONA_VIP-1024x1024.jpg 1024w, http:\/\/www.diocesisdeazogues.org\/catedralFM\/wp-content\/uploads\/2024\/11\/ZONA_VIP-150x150.jpg 150w, http:\/\/www.diocesisdeazogues.org\/catedralFM\/wp-content\/uploads\/2024\/11\/ZONA_VIP-768x768.jpg 768w, http:\/\/www.diocesisdeazogues.org\/catedralFM\/wp-content\/uploads\/2024\/11\/ZONA_VIP-1000x1000.jpg 1000w, http:\/\/www.diocesisdeazogues.org\/catedralFM\/wp-content\/uploads\/2024\/11\/ZONA_VIP.jpg 1080w\" sizes=\"(max-width: 300px) 100vw, 300px\" \/><\/figure>\n<p><!-- \/wp:image --><\/p>\n<p><!-- wp:heading {\"textAlign\":\"center\",\"level\":3,\"textColor\":\"white\",\"className\":\"ext-my-base\",\"fontSize\":\"ext-medium\"} --><\/p>\n<h3 id=\"tash-jako\" class=\"has-text-align-center ext-my-base has-white-color has-text-color has-ext-medium-font-size\" style=\"text-align: center;\">Zona VIP<\/h3>\n<p><!-- \/wp:heading --><\/p>\n<p><!-- wp:paragraph {\"align\":\"center\",\"textColor\":\"white\",\"fontSize\":\"ext-small\"} --><\/p>\n<p class=\"has-text-align-center has-white-color has-text-color has-ext-small-font-size\" style=\"text-align: center;\">M\u00fasica variada<\/p>\n<p><!-- \/wp:paragraph --><\/p>\n<\/div>\n<p><!-- \/wp:column --><\/p>\n<p><!-- wp:column {\"className\":\"ext-mb-lg tablet:ext-mb-0 ext-pt-base tablet:ext-pt-0\"} --><\/p>\n<div class=\"wp-block-column ext-mb-lg tablet:ext-mb-0 ext-pt-base tablet:ext-pt-0\">\n<p><!-- wp:image {\"id\":238,\"sizeSlug\":\"large\",\"linkDestination\":\"none\",\"extUtilities\":[\"is-style-default\",\"editor:no-caption\",\"editor:no-resize\",\"ext-mb-base\"]} --><\/p>\n<figure class=\"wp-block-image size-large is-style-default editor:no-caption editor:no-resize ext-mb-base\"><img loading=\"lazy\" decoding=\"async\" class=\"alignnone size-medium wp-image-1057\" src=\"http:\/\/www.diocesisdeazogues.org\/catedralFM\/wp-content\/uploads\/2024\/11\/DEPORTES-300x300.jpg\" alt=\"\" width=\"300\" height=\"300\" srcset=\"http:\/\/www.diocesisdeazogues.org\/catedralFM\/wp-content\/uploads\/2024\/11\/DEPORTES-300x300.jpg 300w, http:\/\/www.diocesisdeazogues.org\/catedralFM\/wp-content\/uploads\/2024\/11\/DEPORTES-1024x1024.jpg 1024w, http:\/\/www.diocesisdeazogues.org\/catedralFM\/wp-content\/uploads\/2024\/11\/DEPORTES-150x150.jpg 150w, http:\/\/www.diocesisdeazogues.org\/catedralFM\/wp-content\/uploads\/2024\/11\/DEPORTES-768x768.jpg 768w, http:\/\/www.diocesisdeazogues.org\/catedralFM\/wp-content\/uploads\/2024\/11\/DEPORTES-1000x1000.jpg 1000w, http:\/\/www.diocesisdeazogues.org\/catedralFM\/wp-content\/uploads\/2024\/11\/DEPORTES.jpg 1080w\" sizes=\"(max-width: 300px) 100vw, 300px\" \/><\/figure>\n<p><!-- \/wp:image --><\/p>\n<p><!-- wp:heading {\"textAlign\":\"center\",\"level\":3,\"textColor\":\"white\",\"className\":\"ext-my-base\",\"fontSize\":\"ext-medium\"} --><\/p>\n<h3 id=\"tash-jako\" class=\"has-text-align-center ext-my-base has-white-color has-text-color has-ext-medium-font-size\" style=\"text-align: center;\">Catedral Deportes<\/h3>\n<p><!-- \/wp:heading --><\/p>\n<p><!-- wp:paragraph {\"align\":\"center\",\"textColor\":\"white\",\"fontSize\":\"ext-small\"} --><\/p>\n<p class=\"has-text-align-center has-white-color has-text-color has-ext-small-font-size\" style=\"text-align: center;\">Conduce John Palacios<\/p>\n<p><!-- \/wp:paragraph --><\/p>\n<\/div>\n<p><!-- \/wp:column --><\/p>\n<\/div>\n<p><!-- \/wp:columns --><\/p>\n<p><!-- wp:columns {\"align\":\"wide\",\"className\":\"tablet:fullwidth-cols tablet:ext-fullwidth-cols\",\"extUtilities\":[\"ext-mt-base\"]} --><\/p>\n<div class=\"tablet:fullwidth-cols tablet:ext-fullwidth-cols wp-block-columns alignwide ext-mt-base\">\n<p><!-- wp:column {\"className\":\"tablet:ext-mb-0 ext-mb-lg\"} --><\/p>\n<div class=\"wp-block-column tablet:ext-mb-0 ext-mb-lg\">\n<p><!-- wp:image {\"sizeSlug\":\"large\",\"linkDestination\":\"none\",\"className\":\"is-style-default editor:no-caption editor:no-resize ext-mb-base\"} --><\/p>\n<figure class=\"wp-block-image size-large is-style-default editor:no-caption editor:no-resize ext-mb-base\"><img loading=\"lazy\" decoding=\"async\" class=\"alignnone size-medium wp-image-1061\" src=\"http:\/\/www.diocesisdeazogues.org\/catedralFM\/wp-content\/uploads\/2024\/11\/WhatsApp-Image-2024-11-07-at-09.25.41-300x300.jpeg\" alt=\"\" width=\"300\" height=\"300\" srcset=\"http:\/\/www.diocesisdeazogues.org\/catedralFM\/wp-content\/uploads\/2024\/11\/WhatsApp-Image-2024-11-07-at-09.25.41-300x300.jpeg 300w, http:\/\/www.diocesisdeazogues.org\/catedralFM\/wp-content\/uploads\/2024\/11\/WhatsApp-Image-2024-11-07-at-09.25.41-1024x1024.jpeg 1024w, http:\/\/www.diocesisdeazogues.org\/catedralFM\/wp-content\/uploads\/2024\/11\/WhatsApp-Image-2024-11-07-at-09.25.41-150x150.jpeg 150w, http:\/\/www.diocesisdeazogues.org\/catedralFM\/wp-content\/uploads\/2024\/11\/WhatsApp-Image-2024-11-07-at-09.25.41-768x768.jpeg 768w, http:\/\/www.diocesisdeazogues.org\/catedralFM\/wp-content\/uploads\/2024\/11\/WhatsApp-Image-2024-11-07-at-09.25.41-1000x1000.jpeg 1000w, http:\/\/www.diocesisdeazogues.org\/catedralFM\/wp-content\/uploads\/2024\/11\/WhatsApp-Image-2024-11-07-at-09.25.41.jpeg 1080w\" sizes=\"(max-width: 300px) 100vw, 300px\" \/><\/figure>\n<p><!-- \/wp:image --><\/p>\n<p><!-- wp:heading {\"textAlign\":\"center\",\"level\":3,\"textColor\":\"white\",\"className\":\"ext-my-base\",\"fontSize\":\"ext-medium\"} --><\/p>\n<h3 id=\"alexa-josep\" class=\"has-text-align-center ext-my-base has-white-color has-text-color has-ext-medium-font-size\" style=\"text-align: center;\"><span style=\"font-weight: var( --e-global-typography-text-font-weight );\">Romance Nocturno<\/span><\/h3>\n<p id=\"alexa-josep\" class=\"has-text-align-center ext-my-base has-white-color has-text-color has-ext-medium-font-size\" style=\"text-align: center;\"><span style=\"font-size: var(--wp--preset--font-size--ext-small); letter-spacing: 0px; font-family: var( --e-global-typography-text-font-family ), Sans-serif; font-weight: var( --e-global-typography-text-font-weight );\">Conduce Javier Castro<\/span><\/p>\n<p><!-- \/wp:paragraph --><\/p>\n<\/div>\n<p><!-- \/wp:column --><\/p>\n<p><!-- wp:column {\"className\":\"ext-mb-lg tablet:ext-mb-0 ext-pt-base tablet:ext-pt-0\"} --><\/p>\n<div class=\"wp-block-column ext-mb-lg tablet:ext-mb-0 ext-pt-base tablet:ext-pt-0\">\n<p><!-- wp:image {\"id\":139,\"sizeSlug\":\"full\",\"linkDestination\":\"none\",\"extUtilities\":[\"is-style-default\",\"editor:no-caption\",\"editor:no-resize\",\"ext-mb-base\"]} --><\/p>\n<figure class=\"wp-block-image size-full is-style-default editor:no-caption editor:no-resize ext-mb-base\"><img loading=\"lazy\" decoding=\"async\" class=\"alignnone size-medium wp-image-1042\" src=\"http:\/\/www.diocesisdeazogues.org\/catedralFM\/wp-content\/uploads\/2024\/11\/WhatsApp-Image-2024-11-07-at-09.25.31-2-300x300.jpeg\" alt=\"\" width=\"300\" height=\"300\" srcset=\"http:\/\/www.diocesisdeazogues.org\/catedralFM\/wp-content\/uploads\/2024\/11\/WhatsApp-Image-2024-11-07-at-09.25.31-2-300x300.jpeg 300w, http:\/\/www.diocesisdeazogues.org\/catedralFM\/wp-content\/uploads\/2024\/11\/WhatsApp-Image-2024-11-07-at-09.25.31-2-1024x1024.jpeg 1024w, http:\/\/www.diocesisdeazogues.org\/catedralFM\/wp-content\/uploads\/2024\/11\/WhatsApp-Image-2024-11-07-at-09.25.31-2-150x150.jpeg 150w, http:\/\/www.diocesisdeazogues.org\/catedralFM\/wp-content\/uploads\/2024\/11\/WhatsApp-Image-2024-11-07-at-09.25.31-2-768x768.jpeg 768w, http:\/\/www.diocesisdeazogues.org\/catedralFM\/wp-content\/uploads\/2024\/11\/WhatsApp-Image-2024-11-07-at-09.25.31-2-1000x1000.jpeg 1000w, http:\/\/www.diocesisdeazogues.org\/catedralFM\/wp-content\/uploads\/2024\/11\/WhatsApp-Image-2024-11-07-at-09.25.31-2.jpeg 1080w\" sizes=\"(max-width: 300px) 100vw, 300px\" \/><\/figure>\n<p><!-- \/wp:image --><\/p>\n<p><!-- wp:heading {\"textAlign\":\"center\",\"level\":3,\"textColor\":\"white\",\"className\":\"ext-my-base\",\"fontSize\":\"ext-medium\"} --><\/p>\n<h3 id=\"terrell-maio\" class=\"has-text-align-center ext-my-base has-white-color has-text-color has-ext-medium-font-size\" style=\"text-align: center;\">Entre Amigos<\/h3>\n<p style=\"text-align: center;\"><!-- \/wp:heading --><\/p>\n<p><!-- wp:paragraph {\"align\":\"center\",\"textColor\":\"white\",\"fontSize\":\"ext-small\"} --><\/p>\n<p class=\"has-text-align-center has-white-color has-text-color has-ext-small-font-size\" style=\"text-align: center;\">Entrevistas y m\u00fasica en vivo<\/p>\n<p><!-- \/wp:paragraph --><\/p>\n<\/div>\n<p><!-- \/wp:column --><\/p>\n<p><!-- wp:column {\"className\":\"ext-mb-lg tablet:ext-mb-0 ext-pt-base tablet:ext-pt-0\"} --><\/p>\n<div class=\"wp-block-column ext-mb-lg tablet:ext-mb-0 ext-pt-base tablet:ext-pt-0\">\n<p><!-- wp:image {\"id\":147,\"sizeSlug\":\"full\",\"linkDestination\":\"none\",\"extUtilities\":[\"is-style-default\",\"editor:no-caption\",\"editor:no-resize\",\"ext-mb-base\"]} --><\/p>\n<figure class=\"wp-block-image size-full is-style-default editor:no-caption editor:no-resize ext-mb-base\"><img loading=\"lazy\" decoding=\"async\" class=\"alignnone wp-image-394\" src=\"http:\/\/www.diocesisdeazogues.org\/catedralFM\/wp-content\/uploads\/2023\/07\/COTO-CLASICOS-300x300.jpg\" alt=\"\" width=\"960\" height=\"960\" srcset=\"http:\/\/www.diocesisdeazogues.org\/catedralFM\/wp-content\/uploads\/2023\/07\/COTO-CLASICOS-300x300.jpg 300w, http:\/\/www.diocesisdeazogues.org\/catedralFM\/wp-content\/uploads\/2023\/07\/COTO-CLASICOS.jpg 1024w, http:\/\/www.diocesisdeazogues.org\/catedralFM\/wp-content\/uploads\/2023\/07\/COTO-CLASICOS-150x150.jpg 150w, http:\/\/www.diocesisdeazogues.org\/catedralFM\/wp-content\/uploads\/2023\/07\/COTO-CLASICOS-768x768.jpg 768w, http:\/\/www.diocesisdeazogues.org\/catedralFM\/wp-content\/uploads\/2023\/07\/COTO-CLASICOS-1000x1000.jpg 1000w\" sizes=\"(max-width: 960px) 100vw, 960px\" \/><\/figure>\n<p><!-- \/wp:image --><\/p>\n<p><!-- wp:heading {\"textAlign\":\"center\",\"level\":3,\"textColor\":\"white\",\"className\":\"ext-my-base\",\"fontSize\":\"ext-medium\"} --><\/p>\n<h3 id=\"tash-jako\" class=\"has-text-align-center ext-my-base has-white-color has-text-color has-ext-medium-font-size\" style=\"text-align: center;\">Los Coto-Cl\u00e1sicos<\/h3>\n<p style=\"text-align: center;\"><!-- \/wp:heading --><\/p>\n<p><!-- wp:paragraph {\"align\":\"center\",\"textColor\":\"white\",\"fontSize\":\"ext-small\"} --><\/p>\n<p class=\"has-text-align-center has-white-color has-text-color has-ext-small-font-size\" style=\"text-align: center;\">Conduce Patricio Rivera<\/p>\n<p><!-- \/wp:paragraph --><\/p>\n<\/div>\n<p><!-- \/wp:column --><\/p>\n<p><!-- wp:column {\"className\":\"ext-mb-lg tablet:ext-mb-0 ext-pt-base tablet:ext-pt-0\"} --><\/p>\n<div class=\"wp-block-column ext-mb-lg tablet:ext-mb-0 ext-pt-base tablet:ext-pt-0\">\n<p><!-- wp:image {\"id\":145,\"sizeSlug\":\"large\",\"linkDestination\":\"none\",\"extUtilities\":[\"is-style-default\",\"editor:no-caption\",\"editor:no-resize\",\"ext-mb-base\"]} --><\/p>\n<figure class=\"wp-block-image size-large is-style-default editor:no-caption editor:no-resize ext-mb-base\"><img loading=\"lazy\" decoding=\"async\" class=\"alignnone size-medium wp-image-1072\" src=\"http:\/\/www.diocesisdeazogues.org\/catedralFM\/wp-content\/uploads\/2024\/11\/DESPIERTA_DOMINGO-300x300.jpg\" alt=\"\" width=\"300\" height=\"300\" srcset=\"http:\/\/www.diocesisdeazogues.org\/catedralFM\/wp-content\/uploads\/2024\/11\/DESPIERTA_DOMINGO-300x300.jpg 300w, http:\/\/www.diocesisdeazogues.org\/catedralFM\/wp-content\/uploads\/2024\/11\/DESPIERTA_DOMINGO-1024x1024.jpg 1024w, http:\/\/www.diocesisdeazogues.org\/catedralFM\/wp-content\/uploads\/2024\/11\/DESPIERTA_DOMINGO-150x150.jpg 150w, http:\/\/www.diocesisdeazogues.org\/catedralFM\/wp-content\/uploads\/2024\/11\/DESPIERTA_DOMINGO-768x768.jpg 768w, http:\/\/www.diocesisdeazogues.org\/catedralFM\/wp-content\/uploads\/2024\/11\/DESPIERTA_DOMINGO-1000x1000.jpg 1000w, http:\/\/www.diocesisdeazogues.org\/catedralFM\/wp-content\/uploads\/2024\/11\/DESPIERTA_DOMINGO.jpg 1080w\" sizes=\"(max-width: 300px) 100vw, 300px\" \/><\/figure>\n<p><!-- \/wp:image --><\/p>\n<p><!-- wp:heading {\"textAlign\":\"center\",\"level\":3,\"textColor\":\"white\",\"className\":\"ext-my-base\",\"fontSize\":\"ext-medium\"} --><\/p>\n<h3 id=\"tash-jako\" class=\"has-text-align-center ext-my-base has-white-color has-text-color has-ext-medium-font-size\" style=\"text-align: center;\">Despierta en Domingo<\/h3>\n<p style=\"text-align: center;\"><!-- \/wp:heading --><\/p>\n<p><!-- wp:paragraph {\"align\":\"center\",\"textColor\":\"white\",\"fontSize\":\"ext-small\"} --><\/p>\n<p><!-- \/wp:paragraph --><\/p>\n<\/div>\n<p><!-- \/wp:column --><\/p>\n<\/div>\n<p><!-- \/wp:columns --><\/p>\n<p><!-- wp:columns {\"align\":\"wide\",\"className\":\"tablet:fullwidth-cols tablet:ext-fullwidth-cols\",\"extUtilities\":[\"ext-mt-base\"]} --><\/p>\n<div class=\"tablet:fullwidth-cols tablet:ext-fullwidth-cols wp-block-columns alignwide ext-mt-base\">\n<p><!-- wp:column {\"className\":\"tablet:ext-mb-0 ext-mb-lg\"} --><\/p>\n<div class=\"wp-block-column tablet:ext-mb-0 ext-mb-lg\">\n<p><!-- wp:image {\"id\":143,\"sizeSlug\":\"full\",\"linkDestination\":\"none\",\"className\":\"is-style-default editor:no-caption editor:no-resize ext-mb-base\"} --><\/p>\n<figure class=\"wp-block-image size-full is-style-default editor:no-caption editor:no-resize ext-mb-base\"><img loading=\"lazy\" decoding=\"async\" class=\"alignnone size-medium wp-image-1071\" src=\"http:\/\/www.diocesisdeazogues.org\/catedralFM\/wp-content\/uploads\/2024\/11\/cero_stress-300x300.jpeg\" alt=\"\" width=\"300\" height=\"300\" srcset=\"http:\/\/www.diocesisdeazogues.org\/catedralFM\/wp-content\/uploads\/2024\/11\/cero_stress-300x300.jpeg 300w, http:\/\/www.diocesisdeazogues.org\/catedralFM\/wp-content\/uploads\/2024\/11\/cero_stress-1024x1024.jpeg 1024w, http:\/\/www.diocesisdeazogues.org\/catedralFM\/wp-content\/uploads\/2024\/11\/cero_stress-150x150.jpeg 150w, http:\/\/www.diocesisdeazogues.org\/catedralFM\/wp-content\/uploads\/2024\/11\/cero_stress-768x768.jpeg 768w, http:\/\/www.diocesisdeazogues.org\/catedralFM\/wp-content\/uploads\/2024\/11\/cero_stress-1000x1000.jpeg 1000w, http:\/\/www.diocesisdeazogues.org\/catedralFM\/wp-content\/uploads\/2024\/11\/cero_stress.jpeg 1080w\" sizes=\"(max-width: 300px) 100vw, 300px\" \/><\/figure>\n<p><!-- \/wp:image --><\/p>\n<p><!-- wp:heading {\"textAlign\":\"center\",\"level\":3,\"textColor\":\"white\",\"className\":\"ext-my-base\",\"fontSize\":\"ext-medium\"} --><\/p>\n<h3 id=\"alexa-josep\" class=\"has-text-align-center ext-my-base has-white-color has-text-color has-ext-medium-font-size\" style=\"text-align: center;\">Cero Stress<\/h3>\n<p style=\"text-align: center;\"><!-- \/wp:heading --><\/p>\n<p><!-- wp:paragraph {\"align\":\"center\",\"textColor\":\"white\",\"fontSize\":\"ext-small\"} --><\/p>\n<p class=\"has-text-align-center has-white-color has-text-color has-ext-small-font-size\" style=\"text-align: center;\">Variada<\/p>\n<p><!-- \/wp:paragraph --><\/p>\n<\/div>\n<p><!-- \/wp:column --><\/p>\n<p><!-- wp:column {\"className\":\"ext-mb-lg tablet:ext-mb-0 ext-pt-base tablet:ext-pt-0\"} --><\/p>\n<div class=\"wp-block-column ext-mb-lg tablet:ext-mb-0 ext-pt-base tablet:ext-pt-0\">\n<p><!-- wp:image {\"sizeSlug\":\"large\",\"linkDestination\":\"none\",\"extUtilities\":[\"is-style-default\",\"editor:no-caption\",\"editor:no-resize\",\"ext-mb-base\"]} --><\/p>\n<figure class=\"wp-block-image size-large is-style-default editor:no-caption editor:no-resize ext-mb-base\"><img loading=\"lazy\" decoding=\"async\" class=\"alignnone size-medium wp-image-1070\" src=\"http:\/\/www.diocesisdeazogues.org\/catedralFM\/wp-content\/uploads\/2024\/11\/HAPPY_WEKEND-300x300.jpg\" alt=\"\" width=\"300\" height=\"300\" srcset=\"http:\/\/www.diocesisdeazogues.org\/catedralFM\/wp-content\/uploads\/2024\/11\/HAPPY_WEKEND-300x300.jpg 300w, http:\/\/www.diocesisdeazogues.org\/catedralFM\/wp-content\/uploads\/2024\/11\/HAPPY_WEKEND-1024x1024.jpg 1024w, http:\/\/www.diocesisdeazogues.org\/catedralFM\/wp-content\/uploads\/2024\/11\/HAPPY_WEKEND-150x150.jpg 150w, http:\/\/www.diocesisdeazogues.org\/catedralFM\/wp-content\/uploads\/2024\/11\/HAPPY_WEKEND-768x768.jpg 768w, http:\/\/www.diocesisdeazogues.org\/catedralFM\/wp-content\/uploads\/2024\/11\/HAPPY_WEKEND-1000x1000.jpg 1000w, http:\/\/www.diocesisdeazogues.org\/catedralFM\/wp-content\/uploads\/2024\/11\/HAPPY_WEKEND.jpg 1080w\" sizes=\"(max-width: 300px) 100vw, 300px\" \/><\/figure>\n<p><!-- \/wp:image --><\/p>\n<p><!-- wp:heading {\"textAlign\":\"center\",\"level\":3,\"textColor\":\"white\",\"className\":\"ext-my-base\",\"fontSize\":\"ext-medium\"} --><\/p>\n<h3 id=\"terrell-maio\" class=\"has-text-align-center ext-my-base has-white-color has-text-color has-ext-medium-font-size\">Happy weekend<\/h3>\n<p><!-- \/wp:heading --><\/p>\n<p><!-- wp:paragraph {\"align\":\"center\",\"textColor\":\"white\",\"fontSize\":\"ext-small\"} --><\/p>\n<p class=\"has-text-align-center has-white-color has-text-color has-ext-small-font-size\">Domingos<\/p>\n<p><!-- \/wp:paragraph --><\/p>\n<\/div>\n<p><!-- \/wp:column --><\/p>\n<p><!-- wp:column {\"className\":\"ext-mb-lg tablet:ext-mb-0 ext-pt-base tablet:ext-pt-0\"} --><\/p>\n<div class=\"wp-block-column ext-mb-lg tablet:ext-mb-0 ext-pt-base tablet:ext-pt-0\">\n<p><!-- wp:image {\"sizeSlug\":\"large\",\"linkDestination\":\"none\",\"extUtilities\":[\"is-style-default\",\"editor:no-caption\",\"editor:no-resize\",\"ext-mb-base\"]} --><\/p>\n<figure class=\"wp-block-image size-large is-style-default editor:no-caption editor:no-resize ext-mb-base\"><img loading=\"lazy\" decoding=\"async\" class=\"alignnone size-medium wp-image-29\" src=\"http:\/\/www.diocesisdeazogues.org\/catedralFM\/wp-content\/uploads\/2022\/03\/logoooo-300x243.png\" alt=\"\" width=\"300\" height=\"243\" srcset=\"http:\/\/www.diocesisdeazogues.org\/catedralFM\/wp-content\/uploads\/2022\/03\/logoooo-300x243.png 300w, http:\/\/www.diocesisdeazogues.org\/catedralFM\/wp-content\/uploads\/2022\/03\/logoooo.png 455w\" sizes=\"(max-width: 300px) 100vw, 300px\" \/><\/figure>\n<p><!-- \/wp:image --><\/p>\n<p><!-- wp:heading {\"textAlign\":\"center\",\"level\":3,\"textColor\":\"white\",\"className\":\"ext-my-base\",\"fontSize\":\"ext-medium\"} --><\/p>\n<h3 id=\"tash-jako\" class=\"has-text-align-center ext-my-base has-white-color has-text-color has-ext-medium-font-size\">Ecuatorianamente refrescante<\/h3>\n<p><!-- \/wp:heading --><\/p>\n<p><!-- wp:paragraph {\"align\":\"center\",\"textColor\":\"white\",\"fontSize\":\"ext-small\"} --><\/p>\n<p class=\"has-text-align-center has-white-color has-text-color has-ext-small-font-size\">Fines de semana<\/p>\n<p><!-- \/wp:paragraph --><\/p>\n<\/div>\n<p><!-- \/wp:column --><\/p>\n<p><!-- wp:column {\"className\":\"ext-mb-lg tablet:ext-mb-0 ext-pt-base tablet:ext-pt-0\"} --><\/p>\n<div class=\"wp-block-column ext-mb-lg tablet:ext-mb-0 ext-pt-base tablet:ext-pt-0\">\n<p><!-- wp:image {\"sizeSlug\":\"large\",\"linkDestination\":\"none\",\"extUtilities\":[\"is-style-default\",\"editor:no-caption\",\"editor:no-resize\",\"ext-mb-base\"]} --><\/p>\n<figure class=\"wp-block-image size-large is-style-default editor:no-caption editor:no-resize ext-mb-base\"><img loading=\"lazy\" decoding=\"async\" class=\"alignnone size-medium wp-image-29\" src=\"http:\/\/www.diocesisdeazogues.org\/catedralFM\/wp-content\/uploads\/2022\/03\/logoooo-300x243.png\" alt=\"\" width=\"300\" height=\"243\" srcset=\"http:\/\/www.diocesisdeazogues.org\/catedralFM\/wp-content\/uploads\/2022\/03\/logoooo-300x243.png 300w, http:\/\/www.diocesisdeazogues.org\/catedralFM\/wp-content\/uploads\/2022\/03\/logoooo.png 455w\" sizes=\"(max-width: 300px) 100vw, 300px\" \/><\/figure>\n<p><!-- \/wp:image --><\/p>\n<p><!-- wp:heading {\"textAlign\":\"center\",\"level\":3,\"textColor\":\"white\",\"className\":\"ext-my-base\",\"fontSize\":\"ext-medium\"} --><\/p>\n<h3 id=\"tash-jako\" class=\"has-text-align-center ext-my-base has-white-color has-text-color has-ext-medium-font-size\">Onda Musical<\/h3>\n<p><!-- \/wp:heading --><\/p>\n<p><!-- wp:paragraph {\"align\":\"center\",\"textColor\":\"white\",\"fontSize\":\"ext-small\"} --><\/p>\n<p class=\"has-text-align-center has-white-color has-text-color has-ext-small-font-size\">Fines de semana<\/p>\n<\/div>\n<\/div>\n<\/div>\n<p><!-- \/wp:embed --><\/p>\n<p><!-- wp:paragraph --><\/p>\n<p><!-- \/wp:paragraph --><\/p>\n<\/div>\t\t\t\t\t\t<\/div>\n\t\t\t\t<\/div>\n\t\t\t\t<div class=\"elementor-element elementor-element-99c9613 elementor-widget elementor-widget-text-editor\" data-id=\"99c9613\" data-element_type=\"widget\" data-widget_type=\"text-editor.default\">\n\t\t\t\t<div class=\"elementor-widget-container\">\n\t\t\t\t\t\t\t<p style=\"text-align: center;\"><span style=\"color: #000000;\"><strong>\u00a1Sintoniza Radio Catedral 95.7 101.1 F.M!<\/strong><\/span><\/p>\n<p><span style=\"color: #000000;\">Descubre una experiencia radiof\u00f3nica \u00fanica con nosotros. Somos m\u00e1s que una emisora, somos tu compa\u00f1\u00eda diaria. Con una programaci\u00f3n variada y de calidad, te ofrecemos:<\/span><\/p>\n<p><span style=\"color: #000000;\"><strong>Informaci\u00f3n Actualizada:<\/strong> Mantente al tanto de las \u00faltimas noticias locales, nacionales e internacionales.<\/span><br \/><span style=\"color: #000000;\"><strong>Entretenimiento Variado:<\/strong> Disfruta de la mejor m\u00fasica, programas de entrevistas, debates, y mucho m\u00e1s. \u00a1Tenemos algo para todos los gustos!<\/span><br \/><span style=\"color: #000000;\"><strong>Inspiraci\u00f3n y Reflexi\u00f3n:<\/strong> Acomp\u00e1\u00f1anos en nuestro compromiso con la comunidad. Ofrecemos mensajes que alimentan el alma y promueven los valores cristianos.<\/span><br \/><span style=\"color: #000000;\"><strong>Conexi\u00f3n en Vivo:<\/strong> Participa en nuestros programas en directo, comparte tus opiniones y hazte escuchar. \u00a1T\u00fa eres parte de nuestra familia!<\/span><\/p>\n<p><span style=\"color: #000000;\"><strong>Radio Catedral 95.7 101.1 F.M<\/strong>, donde la comunicaci\u00f3n se une con la evangelizaci\u00f3n. \u00a1Sinton\u00edzanos y d\u00e9janos ser tu compa\u00f1\u00eda en el camino de la vida!<\/span><\/p>\n<p>\u00a0<\/p>\t\t\t\t\t\t<\/div>\n\t\t\t\t<\/div>\n\t\t\t\t<div class=\"elementor-element elementor-element-b5574cc elementor-widget__width-initial elementor-fixed elementor-widget elementor-widget-html\" data-id=\"b5574cc\" data-element_type=\"widget\" data-settings=\"{&quot;_position&quot;:&quot;fixed&quot;}\" data-widget_type=\"html.default\">\n\t\t\t\t<div class=\"elementor-widget-container\">\n\t\t\t<html>\n<head>\n  <title>Your Website Title<\/title> \n<\/head>\n<body>\n\n  <div id=\"fb-root\"><\/div>\n<script async defer crossorigin=\"anonymous\" src=\"https:\/\/connect.facebook.net\/es_ES\/sdk.js#xfbml=1&version=v17.0&appId=722401322874778&autoLogAppEvents=1\" nonce=\"ZNYUyPsN\"><\/script>\n\n  <!-- Your embedded video player code -->\n  <div class=\"fb-video\" data-href=\"https:\/\/www.facebook.com\/RadioCatedralAzogues\/videos\/1012044213557752\" data-width=\"500\" data-show-text=\"false\"><blockquote cite=\"https:\/\/es-es.facebook.com\/RadioCatedralAzogues\/videos\/1012044213557752\/\" class=\"fb-xfbml-parse-ignore\"><a href=\"https:\/\/es-es.facebook.com\/RadioCatedralAzogues\/videos\/1012044213557752\/\">EN VIVO<\/a><p>CATEDRAL EN VIVO 95.7 - 101.1<\/p>Publicada por <a href=\"https:\/\/www.facebook.com\/RadioCatedralAzogues\">Radio Catedral 95.7 - 101.1 FM<\/a> en Mi\u00e9rcoles, 26 de julio de 2023<\/blockquote><\/div>\n\n\n\n<\/body>\n<\/html>\t\t<\/div>\n\t\t\t\t<\/div>\n\t\t\t\t\t<\/div>\n\t\t<\/div>\n\t\t\t\t\t<\/div>\n\t\t<\/section>\n\t\t\t\t<section class=\"elementor-section elementor-top-section elementor-element elementor-element-c202d91 elementor-section-boxed elementor-section-height-default elementor-section-height-default\" data-id=\"c202d91\" data-element_type=\"section\">\n\t\t\t\t\t\t<div class=\"elementor-container elementor-column-gap-extended\">\n\t\t\t\t\t<div class=\"elementor-column elementor-col-33 elementor-top-column elementor-element elementor-element-c4389f0\" data-id=\"c4389f0\" data-element_type=\"column\">\n\t\t\t<div class=\"elementor-widget-wrap elementor-element-populated\">\n\t\t\t\t\t\t<div class=\"elementor-element elementor-element-7d37038 elementor-widget__width-initial elementor-widget elementor-widget-html\" data-id=\"7d37038\" data-element_type=\"widget\" data-widget_type=\"html.default\">\n\t\t\t\t<div class=\"elementor-widget-container\">\n\t\t\t<html>\n<head>\n  <title>Your Website Title<\/title> \n<\/head>\n<body>\n\n  <!-- Load Facebook SDK for JavaScript -->\n  <div id=\"fb-root\"><\/div>\n<div id=\"fb-root\"><\/div>\n<script async defer crossorigin=\"anonymous\" src=\"https:\/\/connect.facebook.net\/es_ES\/sdk.js#xfbml=1&version=v21.0&appId=722401322874778\"><\/script>\n\n  <!-- Your embedded video player code -->\n  <div class=\"fb-video\" data-href=\"https:\/\/www.facebook.com\/RadioCatedralAzogues\/videos\/1729690304266373\" data-width=\"500\" data-show-text=\"false\"><blockquote cite=\"https:\/\/es-es.facebook.com\/RadioCatedralAzogues\/videos\/1729690304266373\/\" class=\"fb-xfbml-parse-ignore\"><a href=\"https:\/\/es-es.facebook.com\/RadioCatedralAzogues\/videos\/1729690304266373\/\">Santa Misa<\/a><p>SANTA MISA DOMINICAL<\/p>Publicada por <a href=\"https:\/\/www.facebook.com\/RadioCatedralAzogues\">Radio Catedral 95.7 - 101.1 FM<\/a> en Domingo, 3 de noviembre de 2024<\/blockquote><\/div>\n\n<\/body>\n<\/html>\t\t<\/div>\n\t\t\t\t<\/div>\n\t\t\t\t\t<\/div>\n\t\t<\/div>\n\t\t\t\t<div class=\"elementor-column elementor-col-33 elementor-top-column elementor-element elementor-element-d189666\" data-id=\"d189666\" data-element_type=\"column\">\n\t\t\t<div class=\"elementor-widget-wrap\">\n\t\t\t\t\t\t\t<\/div>\n\t\t<\/div>\n\t\t\t\t<div class=\"elementor-column elementor-col-33 elementor-top-column elementor-element elementor-element-2a1c5f8\" data-id=\"2a1c5f8\" data-element_type=\"column\">\n\t\t\t<div class=\"elementor-widget-wrap elementor-element-populated\">\n\t\t\t\t\t\t<div class=\"elementor-element elementor-element-b516f3e elementor-widget elementor-widget-html\" data-id=\"b516f3e\" data-element_type=\"widget\" data-widget_type=\"html.default\">\n\t\t\t\t<div class=\"elementor-widget-container\">\n\t\t\t<html>\n<head>\n  <title>Your Website Title<\/title> \n<\/head>\n<body>\n\n  <!-- Load Facebook SDK for JavaScript -->\n  <div id=\"fb-root\"><\/div>\n<script async defer crossorigin=\"anonymous\" src=\"https:\/\/connect.facebook.net\/es_ES\/sdk.js#xfbml=1&version=v21.0&appId=722401322874778\"><\/script>\n\n  <!-- Your embedded video player code -->\n  <div class=\"fb-video\" data-href=\"https:\/\/www.facebook.com\/RadioCatedralAzogues\/videos\/1746068146155804\" data-width=\"500\" data-show-text=\"false\"><blockquote cite=\"https:\/\/es-es.facebook.com\/RadioCatedralAzogues\/videos\/1746068146155804\/\" class=\"fb-xfbml-parse-ignore\"><a href=\"https:\/\/es-es.facebook.com\/RadioCatedralAzogues\/videos\/1746068146155804\/\">EN VIVO<\/a><p>CATEDRAL EN VIVO 95.7 - 101.1<\/p>Publicada por <a href=\"https:\/\/www.facebook.com\/RadioCatedralAzogues\">Radio Catedral 95.7 - 101.1 FM<\/a> en Jueves, 7 de noviembre de 2024<\/blockquote><\/div>\n\n<\/body>\n<\/html>\t\t<\/div>\n\t\t\t\t<\/div>\n\t\t\t\t\t<\/div>\n\t\t<\/div>\n\t\t\t\t\t<\/div>\n\t\t<\/section>\n\t\t\t\t<section class=\"elementor-section elementor-top-section elementor-element elementor-element-7a801e0 elementor-section-boxed elementor-section-height-default elementor-section-height-default\" data-id=\"7a801e0\" data-element_type=\"section\">\n\t\t\t\t\t\t<div class=\"elementor-container elementor-column-gap-default\">\n\t\t\t\t\t<div class=\"elementor-column elementor-col-100 elementor-top-column elementor-element elementor-element-c34bd6b\" data-id=\"c34bd6b\" data-element_type=\"column\">\n\t\t\t<div class=\"elementor-widget-wrap elementor-element-populated\">\n\t\t\t\t\t\t<div class=\"elementor-element elementor-element-e6900c1 elementor-widget elementor-widget-google_maps\" data-id=\"e6900c1\" data-element_type=\"widget\" data-widget_type=\"google_maps.default\">\n\t\t\t\t<div class=\"elementor-widget-container\">\n\t\t\t<style>\/*! elementor - v3.21.0 - 18-04-2024 *\/\n.elementor-widget-google_maps .elementor-widget-container{overflow:hidden}.elementor-widget-google_maps .elementor-custom-embed{line-height:0}.elementor-widget-google_maps iframe{height:300px}<\/style>\t\t<div class=\"elementor-custom-embed\">\n\t\t\t<iframe loading=\"lazy\"\n\t\t\t\t\tsrc=\"https:\/\/maps.google.com\/maps?q=C.%20Fray%20Vicente%20Solano%203-18%20y%2C%20Azogues%2C%20Ecuador&#038;t=m&#038;z=10&#038;output=embed&#038;iwloc=near\"\n\t\t\t\t\ttitle=\"C. Fray Vicente Solano 3-18 y, Azogues, Ecuador\"\n\t\t\t\t\taria-label=\"C. Fray Vicente Solano 3-18 y, Azogues, Ecuador\"\n\t\t\t><\/iframe>\n\t\t<\/div>\n\t\t\t\t<\/div>\n\t\t\t\t<\/div>\n\t\t\t\t\t<\/div>\n\t\t<\/div>\n\t\t\t\t\t<\/div>\n\t\t<\/section>\n\t\t\t\t<section class=\"elementor-section elementor-top-section elementor-element elementor-element-2cd6fb4 elementor-section-boxed elementor-section-height-default elementor-section-height-default\" data-id=\"2cd6fb4\" data-element_type=\"section\">\n\t\t\t\t\t\t<div class=\"elementor-container elementor-column-gap-default\">\n\t\t\t\t\t<div class=\"elementor-column elementor-col-100 elementor-top-column elementor-element elementor-element-c05c8bf\" data-id=\"c05c8bf\" data-element_type=\"column\">\n\t\t\t<div class=\"elementor-widget-wrap elementor-element-populated\">\n\t\t\t\t\t\t<div class=\"elementor-element elementor-element-2a4bd55 elementor-widget elementor-widget-text-editor\" data-id=\"2a4bd55\" data-element_type=\"widget\" data-widget_type=\"text-editor.default\">\n\t\t\t\t<div class=\"elementor-widget-container\">\n\t\t\t\t\t\t\t<div class=\"address\" style=\"text-align: center;\">Calle Fray Vicente Solano 3-18 entre Julio Mar\u00eda Matovelle y Benigno Rivera, Azogues frente a la Cooperativa Jard\u00edn Azuayo<\/div>\t\t\t\t\t\t<\/div>\n\t\t\t\t<\/div>\n\t\t\t\t\t<\/div>\n\t\t<\/div>\n\t\t\t\t\t<\/div>\n\t\t<\/section>\n\t\t\t\t<\/div>\n\t\t","protected":false},"excerpt":{"rendered":"<p>Facebook Twitter Youtube Onda Musical Fines de semana Cero Stress Variada Happy weekend Domingos Ecuatorianamente refrescante Fines de semana Rezo del Santo Rosario Catedral Noticias Voz y Mensaje Pastoral Voces y Recuerdos Conduce Juan Pablo Guill\u00e9n Aperitivo del Medio D\u00eda Conduce Patricio Illescas Zona VIP M\u00fasica variada Catedral Deportes Conduce John Palacios Romance Nocturno Conduce [&hellip;]<\/p>\n","protected":false},"author":1,"featured_media":0,"parent":0,"menu_order":0,"comment_status":"closed","ping_status":"closed","template":"page-project.php","meta":{"footnotes":""},"_links":{"self":[{"href":"http:\/\/www.diocesisdeazogues.org\/catedralFM\/wp-json\/wp\/v2\/pages\/33"}],"collection":[{"href":"http:\/\/www.diocesisdeazogues.org\/catedralFM\/wp-json\/wp\/v2\/pages"}],"about":[{"href":"http:\/\/www.diocesisdeazogues.org\/catedralFM\/wp-json\/wp\/v2\/types\/page"}],"author":[{"embeddable":true,"href":"http:\/\/www.diocesisdeazogues.org\/catedralFM\/wp-json\/wp\/v2\/users\/1"}],"replies":[{"embeddable":true,"href":"http:\/\/www.diocesisdeazogues.org\/catedralFM\/wp-json\/wp\/v2\/comments?post=33"}],"version-history":[{"count":440,"href":"http:\/\/www.diocesisdeazogues.org\/catedralFM\/wp-json\/wp\/v2\/pages\/33\/revisions"}],"predecessor-version":[{"id":1135,"href":"http:\/\/www.diocesisdeazogues.org\/catedralFM\/wp-json\/wp\/v2\/pages\/33\/revisions\/1135"}],"wp:attachment":[{"href":"http:\/\/www.diocesisdeazogues.org\/catedralFM\/wp-json\/wp\/v2\/media?parent=33"}],"curies":[{"name":"wp","href":"https:\/\/api.w.org\/{rel}","templated":true}]}}